{"id":47,"date":"2013-09-10T20:03:07","date_gmt":"2013-09-10T19:03:07","guid":{"rendered":"https:\/\/weltwaldwiesen.de\/weichenstellen\/?page_id=47"},"modified":"2024-01-23T22:22:32","modified_gmt":"2024-01-23T21:22:32","slug":"startseite","status":"publish","type":"page","link":"https:\/\/www.weltwaldwiesen.de\/weichenstellen\/","title":{"rendered":"Startseite"},"content":{"rendered":"<p style=\"text-align: center;\"><span style=\"font-family: 'times new roman', times, serif; font-size: 14pt;\">Ich bin die Auferstehung und das Leben. Wer an mich glaubt, wird leben, auch wenn er stirbt.<\/span><\/p>\n<p style=\"text-align: center;\"><span style=\"font-family: 'times new roman', times, serif; font-size: 14pt;\">Und jeder, der lebt, und an mich glaubt, wird in Ewigkeit nicht sterben.<\/span><\/p>\n<p style=\"text-align: center;\"><span style=\"font-size: 10pt;\"><em><span style=\"font-family: 'times new roman', times, serif;\">Johannes 11, 25-26<\/span><\/em><\/span><\/p>\n<p style=\"text-align: center;\"><span style=\"font-family: 'times new roman', times, serif; font-size: 14pt;\">Wir trauern um<\/span><\/p>\n<p style=\"text-align: center;\"><strong><span style=\"font-family: 'times new roman', times, serif; font-size: 24pt;\">Jan-Peter Wilckens<\/span><\/strong><\/p>\n<p style=\"text-align: center;\"><span style=\"font-family: 'times new roman', times, serif; font-size: 14pt;\">geboren 22.02.1938 in Hamburg<\/span><\/p>\n<p style=\"text-align: center;\"><span style=\"font-family: 'times new roman', times, serif; font-size: 14pt;\">gestorben 24.05.2023 in Ostercappeln-Niewedde<\/span><\/p>\n<p style=\"text-align: center;\"><span style=\"font-family: 'times new roman', times, serif; font-size: 14pt;\">Ein gesegnetes, erf\u00fclltes Leben ist zu Ende gegangen.<\/span><\/p>\n<p style=\"text-align: center;\"><span style=\"font-family: 'times new roman', times, serif; font-size: 14pt;\">In Liebe und Dankbarkeit nehmen wir Abschied.<\/span><\/p>\n<p style=\"text-align: center;\"><span style=\"font-family: 'times new roman', times, serif; font-size: 14pt;\">Heike, Sabine, Kirsten, Thomas, Julian, Sarah, Svenja, ihre Familien und alle Angeh\u00f6rigen<\/span><\/p>\n<p>&nbsp;<\/p>\n<p style=\"text-align: center;\"><span style=\"color: #000000;\"><strong><a style=\"color: #000000;\" href=\"https:\/\/weltwaldwiesen.de\/weichenstellen\/selbstbestimmung-sterben-und-tod\/\">SELBSTBESTIMMUNG STERBEN UND TOD<\/a><\/strong><\/span><\/p>\n<div class=\"page\" title=\"Page 1\">\n<div class=\"layoutArea\">\n<div class=\"column\">\n<p style=\"text-align: center;\"><span style=\"color: #000000;\"><strong><a style=\"color: #000000;\" href=\"https:\/\/weltwaldwiesen.de\/weichenstellen\/zum-abschiedsgottesdienst-fuer-opa-03-07-2023\/\">Zum Abschiedsgottesdienst f\u00fcr Opa 03.07.2023<\/a><\/strong><\/span><\/p>\n<\/div>\n<\/div>\n<\/div>\n<hr \/>\n<h1 style=\"text-align: center;\"><span style=\"font-family: verdana,geneva,sans-serif; font-size: 24pt;\"><strong><span style=\"color: #ff0000;\">&#8222;Heute will ich mich besuchen &#8211;<br \/>\n<\/span><\/strong><strong><span style=\"color: #ff0000;\">&#8218;mal seh&#8217;n, ob ich zu Hause bin &#8230; !&#8220;<\/span><\/strong><\/span><\/h1>\n<p style=\"text-align: center;\"><span style=\"color: #000000; font-family: verdana,geneva;\">Karl Valentin<\/span><\/p>\n<hr \/>\n<p style=\"text-align: center;\"><a href=\"https:\/\/weltwaldwiesen.de\/weichenstellen\/wp-content\/uploads\/2013\/09\/cropped-weiche.jpg\"><img loading=\"lazy\" class=\" size-medium wp-image-10 aligncenter\" src=\"https:\/\/weltwaldwiesen.de\/weichenstellen\/wp-content\/uploads\/2013\/09\/cropped-weiche-231x300.jpg\" alt=\"cropped-weiche.jpg\" width=\"231\" height=\"300\" srcset=\"https:\/\/www.weltwaldwiesen.de\/weichenstellen\/wp-content\/uploads\/2013\/09\/cropped-weiche-231x300.jpg 231w, https:\/\/www.weltwaldwiesen.de\/weichenstellen\/wp-content\/uploads\/2013\/09\/cropped-weiche-789x1024.jpg 789w, https:\/\/www.weltwaldwiesen.de\/weichenstellen\/wp-content\/uploads\/2013\/09\/cropped-weiche.jpg 940w\" sizes=\"(max-width: 231px) 100vw, 231px\" \/><\/a><a href=\"https:\/\/weltwaldwiesen.de\/weichenstellen\/mein-selbstverstaendnis\/wer-bin-ich\/was-biete-ich-an\/\"><strong><span style=\"font-family: verdana, geneva, sans-serif;\">Auf<\/span> das &#8218;Herz-St\u00fcck&#8216; kommt es an!<\/strong><\/a><\/p>\n<p>&nbsp;<\/p>\n<h2 style=\"text-align: center;\"><span style=\"color: #ff0000; font-family: verdana,geneva;\"><span style=\"font-size: 24pt;\">Sie befinden sich<\/span> <span style=\"font-size: 24pt;\"> auf der Start-Seite der Homepage<\/span><br \/>\n<\/span><span style=\"font-size: 14pt;\"><span style=\"font-family: verdana,geneva;\">von<\/span><span style=\"color: #ff0000; font-family: verdana,geneva;\"><br \/>\n<span style=\"color: #000000;\"><span style=\"font-size: 24pt;\">Jan-Peter Wilckens<br \/>\n<\/span><\/span><\/span><\/span><\/h2>\n<p style=\"text-align: center;\"><span style=\"font-size: 14pt;\"><strong><span style=\"font-family: verdana,geneva; background-color: #ffff00;\">Letzte Aktualisierung 1. April 2023<br \/>\n<\/span><\/strong><\/span><\/p>\n<hr \/>\n<p style=\"text-align: center;\"><span style=\"color: #ff0000; font-size: 24pt; font-family: verdana, geneva, sans-serif;\"><strong><em>HERZLICH WILLKOMMEN!<\/em><\/strong><\/span><\/p>\n<p style=\"text-align: center;\"><span style=\"font-size: 14pt; font-family: verdana, geneva, sans-serif;\"><strong>Sie finden auf dieser Seite\u00a0Links\u00a0zu unterschiedlichen Impulsen,<br \/>\ndie das &#8218;innere Zuhause-Sein&#8216; ansprechen m\u00f6chten.<br \/>\n<em>Wenn wir konkret teilen,<\/em><br \/>\n<em> erh\u00e4lt jeder etwas vom Ganzen; <\/em><br \/>\n<em>wenn wir virtuell teilen, <\/em><br \/>\n<em>erh\u00e4lt jeder mehr als das Ganze!<br \/>\n<\/em><\/strong><\/span><\/p>\n<p style=\"text-align: center;\"><span style=\"color: #ff0000;\"><strong><span style=\"font-size: 14pt; font-family: verdana, geneva, sans-serif;\">Eine Initiative gegen kommunikativen Notstand.<br \/>\nEin &#8218;M\u00fc\u00dfiggang f\u00fcr mehr als einen Atemzug!<\/span><\/strong><\/span><\/p>\n<hr \/>\n<hr \/>\n<p style=\"text-align: center;\"><strong><span style=\"color: #ff0000; font-size: 14pt; font-family: verdana, geneva, sans-serif;\">VIELE MENSCHEN TRETEN IN DIESEN TAGEN AUS DER KIRCHE AUS<\/span><\/strong><br \/>\n<span style=\"font-family: verdana, geneva, sans-serif;\"><span style=\"font-size: 14pt;\">Besonders in Zeiten von Desorientierung durch Krisen mancherlei Art<br \/>\nist &#8218;Einkehr in das Innere&#8216; gefordert.<br \/>\n<\/span><span style=\"font-size: 14pt;\">Dort sind die Kraft-Instanzen <em>gegen<\/em> Angst und Aussichtslosigkeit,<br \/>\n<em>f\u00fcr<\/em>\u00a0 Hoffnung und Aufbruch <\/span><span style=\"font-size: 14pt;\">versammelt.<br \/>\n&#8218;Kirche&#8216; ist mehr als eine Ortsbeschreibung,<br \/>\n<\/span><\/span><span style=\"font-size: 14pt;\"><span style=\"font-family: verdana, geneva, sans-serif;\">wo diese &#8218;Einkehr&#8216; gesucht und unterst\u00fctzt wird.<\/span><\/span><\/p>\n<p style=\"text-align: center;\"><span style=\"color: #ff0000; font-family: verdana, geneva, sans-serif; font-size: 14pt;\"><strong>Impuls<\/strong><\/span><em><strong><br \/>\n<\/strong><\/em><strong><span style=\"font-size: 14pt;\">&#8218;ICH GLAUBE NICHT AN GOTT, ICH VERMISSE IHN &#8230;&#8216;<br \/>\n<\/span><\/strong><em><span style=\"font-size: 12pt; font-family: verdana, geneva, sans-serif;\">Julian Barnes, englischer Schriftsteller<\/span><\/em><strong><span style=\"font-size: 14pt;\"><br \/>\n<\/span><\/strong><span style=\"font-size: 14pt;\">Das ist\u00a0 Ambivalenz\u00a0 und Sehnsucht gleichzeitig vieler Menschen.&#8216;<br \/>\nWo das als &#8218;Auftrag&#8216; verstanden wird , wird lebendige &#8218;Kirche&#8216; sein.<br \/>\n<\/span><span style=\"font-size: 14pt;\"><span style=\"color: #ff0000; font-family: verdana, geneva, sans-serif;\">Entzieht <em>einer <span style=\"text-decoration: underline; color: #ff0000;\">so gesehenen <\/span><\/em><span style=\"text-decoration: underline;\"><em>Kirche<\/em><\/span><\/span><br \/>\n<\/span><span style=\"font-size: 14pt;\"><span style=\"color: #ff0000;\"><span style=\"font-family: verdana, geneva, sans-serif;\">Vertrauen und\u00a0 kritische Unterst\u00fctzung nicht !<\/span><\/span><\/span><strong><span style=\"font-size: 14pt;\"><span style=\"color: #ff0000;\"><br \/>\n<\/span><\/span><\/strong><span style=\"font-size: 14pt;\"><span style=\"font-family: verdana, geneva, sans-serif;\">Alle Impulse, die diese Homepage enth\u00e4lt, m\u00f6chten darin unterst\u00fctzen!<br \/>\n<\/span><\/span><\/p>\n<hr \/>\n<p style=\"text-align: center;\"><span style=\"font-size: 36pt; color: #008000;\"><strong>ERST EINMAL INNEHALTEN &#8230;<\/strong><\/span><\/p>\n<p style=\"text-align: center;\"><a href=\"https:\/\/weltwaldwiesen.de\/weichenstellen\/wp-content\/uploads\/2013\/09\/SarahR-24.Geb_.-15.jpgklein.jpg\"><img loading=\"lazy\" class=\"size-medium wp-image-7287 aligncenter\" src=\"https:\/\/weltwaldwiesen.de\/weichenstellen\/wp-content\/uploads\/2013\/09\/SarahR-24.Geb_.-15.jpgklein-300x225.jpg\" alt=\"\" width=\"300\" height=\"225\" srcset=\"https:\/\/www.weltwaldwiesen.de\/weichenstellen\/wp-content\/uploads\/2013\/09\/SarahR-24.Geb_.-15.jpgklein-300x225.jpg 300w, https:\/\/www.weltwaldwiesen.de\/weichenstellen\/wp-content\/uploads\/2013\/09\/SarahR-24.Geb_.-15.jpgklein.jpg 450w\" sizes=\"(max-width: 300px) 100vw, 300px\" \/><\/a><strong><br \/>\n<\/strong><span style=\"font-size: 18pt;\"><a href=\"https:\/\/weltwaldwiesen.de\/weichenstellen\/impuls-14\/\"><strong><span style=\"font-family: verdana, geneva, sans-serif;\">IMPULSE<\/span><\/strong><\/a><br \/>\n<\/span>oder<br \/>\n<a href=\"https:\/\/weltwaldwiesen.de\/weichenstellen\/kurzundbuendig\/\"><strong><span style=\"font-size: 18pt; font-family: verdana, geneva, sans-serif;\">KURZ UND B\u00dcNDIG<\/span><\/strong><\/a><br \/>\n<span style=\"font-size: 14pt; font-family: verdana, geneva, sans-serif;\"><strong>In elf Worten<\/strong> (&#8218;ELFCHEN&#8216;)<\/span><\/p>\n<hr \/>\n<p style=\"text-align: center;\"><span style=\"font-size: 14pt; font-family: verdana, geneva, sans-serif;\"><br \/>\n<\/span><strong><span style=\"color: #000000; font-family: verdana,geneva,sans-serif;\"><span style=\"font-size: 14pt;\"><span style=\"font-size: 36pt;\"><span style=\"color: #ff0000;\">E<\/span>I<span style=\"color: #0000ff;\">N<\/span><span style=\"color: #339966;\">S<\/span><span style=\"color: #ff9900;\">T<\/span><span style=\"color: #008000;\">I<\/span><span style=\"color: #ff0000;\">M<\/span><span style=\"color: #ffcc00;\">M<\/span><span style=\"color: #0000ff;\">U<\/span><span style=\"color: #00ff00;\">N<span style=\"color: #ff0000;\">G<\/span><\/span><br \/>\n<\/span><\/span><\/span><\/strong><\/p>\n<hr \/>\n<p style=\"text-align: center;\"><strong><span style=\"color: #000000; font-family: verdana,geneva,sans-serif;\"><span style=\"font-size: 14pt;\">HINWEISE ZUR NUTZUNG MEINER HOMEPAGE<\/span><br \/>\n<\/span><\/strong><span style=\"font-size: 14pt;\">\u00dcber 300 Beitr\u00e4ge zu unterschiedlichen Themen befinden sich auf meiner Homepage. Immer dienen sie der Idee, &#8218;Weichen f\u00fcr das Leben&#8216;\u00a0 stellen zu helfen . <\/span><\/p>\n<p style=\"text-align: center;\"><span style=\"font-size: 14pt;\">Diese STARTSEITE enth\u00e4lt Zug\u00e4nge zu unterschiedlichen thematischen Bereichen:<br \/>\n<strong><span style=\"color: #ff0000;\">EINSTIMMUNG<\/span><br \/>\n<span style=\"color: #ff0000;\">PERS\u00d6NLICHES<\/span> (1),<br \/>\n<span style=\"color: #ff0000;\">HEUTE UND MORGEN<\/span> (2),<br \/>\n<span style=\"color: #ff0000;\">F\u00dcR EIN LEBEN IN BALANCE<\/span> (3),<br \/>\n<span style=\"color: #ff0000;\">ANGEBOTE, DIE &#8218;WEICHEN&#8216; ANDERS STELLEN <\/span>(4)<br \/>\n<\/strong><\/span><\/p>\n<p style=\"text-align: left;\"><span style=\"font-size: 14pt;\">Jeder aufgerufene Bereich enth\u00e4lt Links zu entsprechenden Beitr\u00e4gen. Zum W\u00e4hlen eines anderen thematischen Bereiches w\u00e4re die obere Leiste zu nutzen.\u00a0 Zugegeben: Das ist vielleicht eine etwas\u00a0 umst\u00e4ndliche Orientierung, bedeutet aber auch, \u00fcberraschend bei Beitr\u00e4gen zu\u00a0&#8218;landen&#8216;, die\u00a0das Interesse auf einen anderen Pfad lenken &#8230; \u00dcber &#8218;Startseite&#8216; kommst Du immer wieder zur Gesamt-\u00dcbersicht.<\/span><\/p>\n<p style=\"text-align: center;\"><span style=\"font-size: 14pt;\">Ich w\u00fcnsche den Nutzer*innen ein gewisses Gef\u00fchl von &#8218;Zu-Hause-Sein&#8216;<br \/>\nund bitte sehr darum, gern zu mir<br \/>\n<a href=\"https:\/\/weltwaldwiesen.de\/weichenstellen\/kontakt\/\"><strong>KONTAKT<\/strong><\/a><br \/>\naufzunehmen. Danke!<\/span><\/p>\n<hr \/>\n<h2 style=\"text-align: center;\"><span style=\"font-family: verdana, geneva, sans-serif; font-size: 18pt;\"><em>Vielleicht ein St\u00fcck <span style=\"color: #ff0000;\">&#8218;Netz&#8216;-W\u00e4rme<\/span> k\u00f6nnten<br \/>\ndiese Seiten verbreiten?<br \/>\n<\/em><\/span><\/h2>\n<h2 style=\"text-align: center;\"><span style=\"font-size: 18pt;\"><span style=\"color: #ff0000; font-family: verdana,geneva;\"><span style=\"color: #000000;\"><span style=\"font-family: verdana, geneva, sans-serif;\"><span style=\"color: #ff0000;\">GEGEN<\/span> HASS.<br \/>\n<\/span><\/span><\/span><span style=\"color: #ff0000; font-family: verdana,geneva;\"><span style=\"color: #000000;\"><span style=\"color: #ff0000;\">GEGEN<\/span> HETZE.<br \/>\n<span style=\"font-family: verdana,geneva,sans-serif;\">\u00a0<span style=\"color: #ff0000;\">F\u00dcR<\/span> N\u00c4CHSTEN- <\/span><span style=\"font-family: verdana,geneva,sans-serif;\">UND<br \/>\nSELBST-LIEBE.<\/span><br \/>\n<\/span><\/span><\/span><\/h2>\n<p>&nbsp;<\/p>\n<p style=\"text-align: center;\"><span style=\"color: #ff0000; font-family: verdana, geneva, sans-serif;\"><strong><span style=\"font-size: 18pt;\">Gegen Besinnungslosigkeit<\/span><\/strong><\/span><\/p>\n<p style=\"text-align: center;\"><span style=\"font-size: 18pt;\"><strong>-.-.-.-.-.-.-.-.-.-.-.-.-.-.-.-.-.-.-<\/strong><\/span><\/p>\n<hr \/>\n<p style=\"text-align: center;\"><span style=\"color: #008000; font-family: verdana, geneva, sans-serif; font-size: 14pt;\"><strong>Wer sich als Mit-Mensch versteht, <\/strong><\/span><span style=\"color: #008000; font-family: verdana, geneva, sans-serif; font-size: 14pt;\"><strong>befindet sich mit allen Menschen in Augen-H\u00f6he. <\/strong><\/span><\/p>\n<p style=\"text-align: center;\"><span style=\"color: #008000; font-family: verdana, geneva, sans-serif; font-size: 14pt;\"><strong>Das ist tiefste Wahrheit,<br \/>\ndie jeder Verneinung standh\u00e4lt. <\/strong><\/span><\/p>\n<p style=\"text-align: center;\"><span style=\"font-family: verdana, geneva, sans-serif; font-size: 14pt;\"><strong>-.-.-.-.-.-.-.-.-.-.-.-.-.-.-.-.-.-.-<\/strong><\/span><\/p>\n<p style=\"text-align: center;\"><span style=\"font-family: verdana, geneva, sans-serif; font-size: 18pt; color: #ff0000;\">Hetzer bringen die Stadt in Aufruhr;<\/span><br \/>\n<span style=\"font-family: verdana, geneva, sans-serif; font-size: 18pt; color: #ff0000;\">doch Weise stillen den Zorn.<br \/>\n<span style=\"color: #000000; font-size: 10pt;\">Spr\u00fcche Salomos<\/span><\/span><\/p>\n<hr \/>\n<p style=\"text-align: center;\"><span style=\"font-size: 24pt;\"><strong><span style=\"font-family: verdana, geneva, sans-serif;\"><span style=\"color: #ff0000;\">ALTER MANN<\/span>,<\/span><\/strong><\/span><br \/>\n<span style=\"font-family: verdana, geneva, sans-serif; font-size: 18pt;\"> bald 85 Jahre, wehrt sich!<\/span><\/p>\n<p style=\"text-align: center;\"><span style=\"font-family: verdana, geneva, sans-serif; font-size: 14pt;\">T\u00e4glich werden die umfassenden Einschr\u00e4nkungen greifbarer,<br \/>\ndie herausfordern und zunehmend unser Leben pr\u00e4gen.<\/span><br \/>\n<span style=\"font-family: verdana, geneva, sans-serif; font-size: 14pt;\">T\u00e4glich melden sich Menschen, die sich mit den Einschr\u00e4nkungen schwer tun.<\/span><br \/>\n<span style=\"font-family: verdana, geneva, sans-serif; font-size: 14pt;\">T\u00e4glich erleben wie aber auch &#8218;Reaktions-Bildungen&#8216;,<\/span><br \/>\n<span style=\"font-family: verdana, geneva, sans-serif; font-size: 14pt;\">die nach Schuldigen suchen.\u00a0 Jetzt sind&#8217;s die Alten &#8230;<\/span><\/p>\n<p style=\"text-align: center;\"><span style=\"font-family: verdana, geneva, sans-serif; font-size: 14pt;\"><em>Bitte, lest meinen fiktiven Brief<br \/>\nan &#8218;Amelie und Zacharias&#8216; <\/em><br \/>\n<em>als Hilfe zu w\u00fcrdigendem Blick!<\/em><br \/>\n<strong><a href=\"https:\/\/weltwaldwiesen.de\/weichenstellen\/weisheit-des-alterns\/\">WEISHEIT DES ALTERNS<\/a><\/strong><\/span><\/p>\n<hr \/>\n<p>&nbsp;<\/p>\n<p style=\"text-align: center;\"><span style=\"color: #ff0000; font-family: verdana, geneva, sans-serif; font-size: 36pt;\"><strong>Entwicklung ist Reifung &#8211;<br \/>\n<\/strong><\/span><span style=\"color: #ff0000; font-family: verdana, geneva, sans-serif; font-size: 36pt;\"><strong>Reifung ist Entwicklung<\/strong><\/span><\/p>\n<hr \/>\n<p><a href=\"https:\/\/weltwaldwiesen.de\/weichenstellen\/wp-content\/uploads\/2013\/09\/P8282171.jpg\"><img loading=\"lazy\" class=\"wp-image-251 aligncenter\" src=\"https:\/\/weltwaldwiesen.de\/weichenstellen\/wp-content\/uploads\/2013\/09\/P8282171-150x150.jpg\" alt=\"OLYMPUS DIGITAL CAMERA\" width=\"211\" height=\"211\" \/><\/a><img loading=\"lazy\" class=\"wp-image-253 aligncenter\" src=\"https:\/\/weltwaldwiesen.de\/weichenstellen\/wp-content\/uploads\/2013\/09\/P8272164klein-150x150.jpg\" alt=\"OLYMPUS DIGITAL CAMERA\" width=\"210\" height=\"210\" \/><a href=\"https:\/\/weltwaldwiesen.de\/weichenstellen\/wp-content\/uploads\/2013\/09\/P8216643_klein-1.jpg\" rel=\"attachment wp-att-5756\"><img loading=\"lazy\" class=\"wp-image-5756 aligncenter\" src=\"https:\/\/weltwaldwiesen.de\/weichenstellen\/wp-content\/uploads\/2013\/09\/P8216643_klein-1-225x300.jpg\" alt=\"P8216643_klein\" width=\"213\" height=\"284\" srcset=\"https:\/\/www.weltwaldwiesen.de\/weichenstellen\/wp-content\/uploads\/2013\/09\/P8216643_klein-1-225x300.jpg 225w, https:\/\/www.weltwaldwiesen.de\/weichenstellen\/wp-content\/uploads\/2013\/09\/P8216643_klein-1.jpg 450w\" sizes=\"(max-width: 213px) 100vw, 213px\" \/><\/a><a href=\"https:\/\/weltwaldwiesen.de\/weichenstellen\/wp-content\/uploads\/2013\/09\/PB218896_klein.jpg\"><img loading=\"lazy\" class=\"wp-image-255 aligncenter\" src=\"https:\/\/weltwaldwiesen.de\/weichenstellen\/wp-content\/uploads\/2013\/09\/PB218896_klein-150x150.jpg\" alt=\"PB218896_klein\" width=\"216\" height=\"216\" \/><\/a><\/p>\n<hr \/>\n<p style=\"text-align: center;\"><span style=\"font-size: 36pt;\"><strong><em><span style=\"color: #000000;\">PERS\u00d6NLICHES (1)<\/span><\/em><br \/>\n<\/strong><\/span><\/p>\n<hr \/>\n<p style=\"text-align: center;\"><span style=\"font-size: 18pt;\"><strong><a title=\"Wer bin ich?\" href=\"https:\/\/weltwaldwiesen.de\/weichenstellen\/wer-bin-ich\/\">ZU MEINER PERSON<\/a><br \/>\n<\/strong><span style=\"font-family: verdana,geneva,sans-serif; font-size: 12pt;\">mit einem Hinweis auf einen &#8218;geschichtstr\u00e4chtigen&#8216; <\/span><span style=\"font-family: verdana,geneva,sans-serif; font-size: 12pt;\">Ort ganz in unserer N\u00e4he!<\/span><strong><br \/>\n<\/strong><\/span><\/p>\n<p style=\"text-align: center;\"><span style=\"font-family: verdana,geneva,sans-serif; font-size: 14pt;\"><strong>Du findest<br \/>\nBiografisches,<br \/>\nMein Angebot,<\/strong><\/span><span style=\"font-family: verdana,geneva,sans-serif; font-size: 14pt;\"><strong><br \/>\nMein Verst\u00e4ndnis von &#8218;Gott&#8216;<br \/>\n<\/strong><\/span><\/p>\n<p style=\"text-align: center;\"><em><span style=\"font-family: verdana,geneva,sans-serif; font-size: 14pt;\">Gold und Silber habe ich nicht;<\/span><br \/>\n<span style=\"font-family: verdana,geneva,sans-serif; font-size: 14pt;\">k\u00f6rperliche Kr\u00e4fte werden weniger.<\/span><br \/>\n<span style=\"font-family: verdana,geneva,sans-serif; font-size: 14pt;\">Was ich habe, gebe ich euch:<\/span><br \/>\n<span style=\"font-family: verdana,geneva,sans-serif; font-size: 14pt;\">Einen wachen Geist und eine gef\u00fcllte Seele.<\/span><\/em><\/p>\n<p style=\"text-align: center;\"><span style=\"font-family: verdana,geneva,sans-serif; font-size: 10pt;\">Frei nach Apostelgeschichte 3,6<\/span><\/p>\n<p style=\"text-align: center;\"><strong><a href=\"https:\/\/weltwaldwiesen.de\/weichenstellen\/mein-selbstverstaendnis\/wer-bin-ich\/\"><span style=\"font-size: 14pt; font-family: verdana, geneva, sans-serif;\">Mehr &#8230;<\/span>.<\/a><\/strong><\/p>\n<p style=\"text-align: center;\"><span style=\"font-family: verdana, geneva, sans-serif; font-size: 14pt;\">Meine j\u00fcngste Selbsterkenntnis: <\/span><br \/>\n<a href=\"https:\/\/weltwaldwiesen.de\/weichenstellen\/identitaet\/\"><strong><span style=\"font-family: verdana, geneva, sans-serif; font-size: 14pt;\">Neugierig auf Identit\u00e4t<\/span><\/strong><\/a><\/p>\n<hr \/>\n<p style=\"text-align: center;\"><em><span style=\"color: #000000; font-family: verdana,geneva,sans-serif; font-size: 36pt;\"><strong>DAS LIEGT OBENAUF! (2)<\/strong><\/span><\/em><\/p>\n<hr \/>\n<p style=\"text-align: center;\"><span style=\"font-size: 36pt; font-family: verdana, geneva, sans-serif;\"><strong><span style=\"color: #ff0000;\"><a style=\"color: #ff0000;\" href=\"https:\/\/weltwaldwiesen.de\/weichenstellen\/osterzeit\/\">OSTERZEIT<\/a><br \/>\n<\/span><\/strong><span style=\"color: #ff0000;\"><span style=\"color: #000000;\">Ich sehe, was,das <\/span><\/span><\/span><span style=\"font-size: 36pt; font-family: verdana, geneva, sans-serif;\"><span style=\"color: #ff0000;\"><span style=\"color: #000000;\">du auch sehen kannst&#8230;<\/span><\/span><strong><span style=\"color: #ff0000;\"><br \/>\n<\/span><\/strong><\/span><\/p>\n<p>&nbsp;<\/p>\n<hr \/>\n<p style=\"text-align: center;\"><strong><span style=\"font-family: verdana, geneva, sans-serif; font-size: 36pt;\">NEUES JAHR <span style=\"color: #ffcc00;\">2<\/span><span style=\"color: #ff0000;\">0<\/span><span style=\"color: #008000;\">2<\/span><span style=\"color: #33cccc;\">3<\/span><\/span><br \/>\n<\/strong><\/p>\n<p style=\"text-align: center;\"><span style=\"font-family: verdana, geneva, sans-serif; font-size: 24pt;\">HEILENDER BLICK<\/span><\/p>\n<p><a href=\"https:\/\/weltwaldwiesen.de\/weichenstellen\/wp-content\/uploads\/2023\/01\/KiTag-17.jpg\"><img loading=\"lazy\" class=\"wp-image-10757 aligncenter\" src=\"https:\/\/weltwaldwiesen.de\/weichenstellen\/wp-content\/uploads\/2023\/01\/KiTag-17.jpg\" alt=\"\" width=\"229\" height=\"229\" \/><\/a><\/p>\n<p style=\"text-align: center;\"><a href=\"https:\/\/weltwaldwiesen.de\/weichenstellen\/heilender-blick\/\"><span style=\"font-family: verdana, geneva, sans-serif; font-size: 18pt;\"><strong>DU SIEHST MICH<\/strong><\/span><\/a><br \/>\n<span style=\"font-family: verdana, geneva, sans-serif; font-size: 14pt;\">1. Buch Mose 16,13<\/span><\/p>\n<hr \/>\n<p style=\"text-align: center;\"><span style=\"font-family: verdana, geneva, sans-serif; font-size: 36pt; color: #ff0000;\"><strong>DEM <\/strong><span style=\"color: #000000;\"><strong>FRIEDEN<\/strong><\/span><\/span><strong><span style=\"font-family: verdana, geneva, sans-serif; font-size: 24pt; color: #ff0000;\"><span style=\"font-size: 36pt;\"> ZULIEBE<\/span><\/span><\/strong><\/p>\n<p style=\"text-align: center;\"><strong><span style=\"font-family: verdana, geneva, sans-serif; font-size: 24pt; color: #ff0000;\"><span style=\"font-size: 18pt; color: #000000;\">HALT SUCHEN UND HALTUNG BEWAHREN<\/span><\/span><br \/>\n<\/strong>(Aktualisiert am10. Oktober)<\/p>\n<p><span style=\"font-family: verdana, geneva, sans-serif; font-size: 14pt;\">Alle Aufmerksamkeit ist geboten in einer Zeit, wo\u00a0 bewaffnete Drohnen eingesetzt werden; wo Deutschland Verteidigungswaffen an die bedr\u00e4ngten Menschen in der Ukraine bereitstellt. Die Milliarden hohe Aufr\u00fcstung der Bundeswehr scheint vielen selbstverst\u00e4ndlich und es wird argumentiert, mit der Bereitstellung von &#8218;Verteidigungs&#8216;-Waffen seien &#8218;wir&#8216; endlich aufgewacht.<br \/>\n<\/span><\/p>\n<p><span style=\"font-size: 14pt; font-family: verdana, geneva, sans-serif;\">Der Traum <em>&#8218;Frieden schaffen ohne Waffen&#8216; bleibt. <\/em>Eine Haltung, die zwar gef\u00e4hrdet sein kann, deshalb aber keineswegs als &#8218;falsch und dumm&#8216; bezeichnet werden darf. <strong>L\u00e4ngst wissen wir, dass Waffengang eben nicht Politik mit anderen (letzten) Mitteln ist.<br \/>\n<\/strong><\/span><\/p>\n<hr \/>\n<p><em><span style=\"font-family: verdana, geneva, sans-serif; font-size: 14pt;\">Christen berufen sich in ihrem Widerstand gegen die Gewaltspirale aus sich potenzierenden Waffeng\u00e4ngen auf die &#8218;Berg-Predigt&#8216; des Wanderpredigers Jesus von Nazareth vor mehr als 200 Jahren.\u00a0 <\/span><\/em><\/p>\n<p><em><span style=\"font-family: verdana, geneva, sans-serif; font-size: 14pt;\">Ein Vortrag von Eugen Drewermann unterstreicht nicht nur die Richtigkeit dieser Begr\u00fcndung, sondern zeigt auch den sehr grunds\u00e4tzlichen Ausweg aus dieser in jeder Beziehung fatalen Annahme &#8218;Frieden sei durch Waffengang zu schaffen&#8216;. Sein Vortrag in B\u00fcnde (September 2022) stellt den unabdingbaren <strong>Zusammenhang von &#8218;inneren&#8216; und &#8218;\u00e4u\u00dferem&#8216; Frieden<\/strong> in beeindrucken-<\/span><\/em><em><span style=\"font-family: verdana, geneva, sans-serif; font-size: 14pt;\">der Deutung der Berg-Predigt vor alle Sinne. <\/span><\/em><\/p>\n<p><span class=\"embed-youtube\" style=\"text-align:center; display: block;\"><iframe loading=\"lazy\" class=\"youtube-player\" width=\"665\" height=\"375\" src=\"https:\/\/www.youtube.com\/embed\/oCLH9BZ22Kk?version=3&#038;rel=1&#038;showsearch=0&#038;showinfo=1&#038;iv_load_policy=1&#038;fs=1&#038;hl=de-DE&#038;autohide=2&#038;wmode=transparent\" allowfullscreen=\"true\" style=\"border:0;\" sandbox=\"allow-scripts allow-same-origin allow-popups allow-presentation\"><\/iframe><\/span><\/p>\n<hr \/>\n<p><span style=\"font-size: 14pt; font-family: verdana, geneva, sans-serif;\">Es gibt Darstellungen, wie sich unbewaffnete Menschen der Milit\u00e4rgewalt entgegenstellen. Es gibt\u00a0 Initiativen, die solches gro\u00dfartiges Verhalten unterst\u00fctzen, als &#8218;Mittel kreativen Widerstandes&#8216; anerkennen und sich wenigstens in beachtenswerten Demonstrationen solidarisieren.<\/span><\/p>\n<p><span style=\"font-size: 14pt; font-family: verdana, geneva, sans-serif;\">Das bei <em>YouTube <\/em>ver\u00f6ffentlichte Video zum Lied von Reinhard Mey &#8218;Nein, meine S\u00f6hne geb ich nicht&#8216; (Reinhard Mey und Freunde) st\u00fctzt diese Sicht in beeindruckender Weise &#8230;..<\/span><\/p>\n<p><span class=\"embed-youtube\" style=\"text-align:center; display: block;\"><iframe loading=\"lazy\" class=\"youtube-player\" width=\"665\" height=\"375\" src=\"https:\/\/www.youtube.com\/embed\/1q-Ga3myTP4?version=3&#038;rel=1&#038;showsearch=0&#038;showinfo=1&#038;iv_load_policy=1&#038;fs=1&#038;hl=de-DE&#038;autohide=2&#038;wmode=transparent\" allowfullscreen=\"true\" style=\"border:0;\" sandbox=\"allow-scripts allow-same-origin allow-popups allow-presentation\"><\/iframe><\/span><\/p>\n<hr \/>\n<p style=\"text-align: center;\"><strong><span style=\"color: #ff0000;\"><span style=\"font-size: 18pt; font-family: verdana, geneva, sans-serif;\"><a style=\"color: #ff0000;\" href=\"https:\/\/weltwaldwiesen.de\/weichenstellen\/es-ist-frieden\/\"><span style=\"font-size: 24pt;\">WIR<\/span><\/a><\/span><span style=\"font-size: 24pt; font-family: verdana, geneva, sans-serif;\"><a style=\"color: #ff0000;\" href=\"https:\/\/weltwaldwiesen.de\/weichenstellen\/es-ist-frieden\/\"> ZIEHEN IN DEN FRIEDEN<\/a><\/span><\/span><br \/>\n<\/strong><span style=\"font-family: verdana, geneva, sans-serif; font-size: 14pt;\">Lied von Udo Lindenberg<\/span><\/p>\n<hr \/>\n<p><a href=\"https:\/\/weltwaldwiesen.de\/weichenstellen\/wp-content\/uploads\/2022\/03\/threema-20220312-175010707-klein.jpg\"><img loading=\"lazy\" class=\"size-medium wp-image-10393 aligncenter\" src=\"https:\/\/weltwaldwiesen.de\/weichenstellen\/wp-content\/uploads\/2022\/03\/threema-20220312-175010707-klein-225x300.jpg\" alt=\"\" width=\"225\" height=\"300\" srcset=\"https:\/\/www.weltwaldwiesen.de\/weichenstellen\/wp-content\/uploads\/2022\/03\/threema-20220312-175010707-klein-225x300.jpg 225w, https:\/\/www.weltwaldwiesen.de\/weichenstellen\/wp-content\/uploads\/2022\/03\/threema-20220312-175010707-klein.jpg 450w\" sizes=\"(max-width: 225px) 100vw, 225px\" \/><\/a><\/p>\n<p style=\"text-align: center;\"><span style=\"font-size: 14pt; font-family: verdana, geneva, sans-serif;\">Mehr zum Thema<\/span><br \/>\n<a href=\"https:\/\/weltwaldwiesen.de\/weichenstellen\/krieg-in-europa\/\"><strong><span style=\"font-size: 14pt; font-family: verdana, geneva, sans-serif;\">HIER<\/span><\/strong><\/a><br \/>\n<span style=\"font-family: verdana, geneva, sans-serif; font-size: 14pt;\">Droge Waffen <\/span><span style=\"font-family: verdana, geneva, sans-serif; font-size: 14pt;\">und weitere Beitr\u00e4ge<\/span><\/p>\n<hr \/>\n<p style=\"text-align: center;\"><span style=\"font-family: verdana, geneva, sans-serif; font-size: 18pt;\"><strong><em><a href=\"https:\/\/weltwaldwiesen.de\/weichenstellen\/baustelle-kirche\/\"><span style=\"color: #ff0000;\">BAUSTELLE KIRCHE<\/span><\/a><\/em><\/strong><\/span><\/p>\n<p><strong><a href=\"https:\/\/weltwaldwiesen.de\/weichenstellen\/wp-content\/uploads\/2013\/10\/HaseJuli2010-99_klein.jpg\"><img loading=\"lazy\" class=\"wp-image-594 aligncenter\" src=\"https:\/\/weltwaldwiesen.de\/weichenstellen\/wp-content\/uploads\/2013\/10\/HaseJuli2010-99_klein-225x300.jpg\" alt=\"HaseJuli2010 (99)_klein\" width=\"249\" height=\"332\" srcset=\"https:\/\/www.weltwaldwiesen.de\/weichenstellen\/wp-content\/uploads\/2013\/10\/HaseJuli2010-99_klein-225x300.jpg 225w, https:\/\/www.weltwaldwiesen.de\/weichenstellen\/wp-content\/uploads\/2013\/10\/HaseJuli2010-99_klein.jpg 350w\" sizes=\"(max-width: 249px) 100vw, 249px\" \/><\/a><\/strong><\/p>\n<p style=\"text-align: center;\"><span style=\"font-family: verdana, geneva, sans-serif; font-size: 24pt;\"><span style=\"color: #ff0000;\"><em>Ecclesia semper reformanda<\/em> <\/span><strong><br \/>\n<\/strong>Die Kirche muss sich immer wieder ver\u00e4ndern!<strong><br \/>\n<span style=\"font-size: 12pt;\">Martin Luther<\/span><\/strong><\/span><\/p>\n<p style=\"text-align: center;\"><strong><span style=\"font-family: verdana, geneva, sans-serif; font-size: 24pt;\">NICHT NUR<br \/>\nZUM TAG DER REFORMATION<br \/>\n<span style=\"color: #008000;\">AM 31. OKTOBER<\/span><\/span><\/strong><\/p>\n<p style=\"text-align: center;\"><span style=\"font-size: 14pt; font-family: verdana, geneva, sans-serif;\"><strong><em>VIELE MENSCHEN TRETEN IN DIESEN TAGEN<br \/>\nAUS DER KIRCHE AUS &#8230;<br \/>\n<\/em><\/strong><\/span><br \/>\n<span style=\"font-size: 14pt; font-family: verdana, geneva, sans-serif;\"><em>Besonders in Zeiten von Desorientierung und<br \/>\ndurch Krisen mancherlei Art<br \/>\n(auch und besonders in der &#8218;verfassten Kirche&#8216;!)<br \/>\nist &#8218;Einkehr in das Innere&#8216; gefordert.<\/em><\/span><\/p>\n<p style=\"text-align: center;\"><span style=\"font-size: 14pt; font-family: verdana, geneva, sans-serif;\"><em>Dort sind die Kraft-Instanzen gegen Angst und Aussichtslosigkeit,<\/em><\/span><br \/>\n<span style=\"font-size: 14pt; font-family: verdana, geneva, sans-serif;\"><em>f\u00fcr\u00a0 Hoffnung und Aufbruch versammelt.<\/em><\/span><br \/>\n<span style=\"font-size: 14pt; font-family: verdana, geneva, sans-serif;\"><em>&#8218;Kirche&#8216; ist Ortsbeschreibung,<strong><br \/>\n<\/strong>wo diese &#8218;Einkehr&#8216; gesucht und unterst\u00fctzt werden sollte und\u00a0 muss.<\/em><\/span><\/p>\n<p style=\"text-align: center;\"><span style=\"font-size: 14pt; font-family: verdana, geneva, sans-serif;\"><em>Auch diese Homepage m\u00f6chte das leisten.<\/em><strong><br \/>\n<\/strong><em>Entzieht einer so gesehenen Kirche<\/em><strong><br \/>\n<\/strong><em>Vertrauen und\u00a0 kritische Unterst\u00fctzung nicht!<\/em><strong><br \/>\n<\/strong><\/span><\/p>\n<p style=\"text-align: center;\"><a href=\"https:\/\/weltwaldwiesen.de\/weichenstellen\/baustelle-kirche\/\"><span style=\"font-size: 14pt; font-family: verdana, geneva, sans-serif;\"><strong>HIER WEITER LESEN<\/strong><\/span><\/a><\/p>\n<hr \/>\n<p style=\"text-align: center;\"><span style=\"font-family: verdana, geneva, sans-serif; font-size: 24pt; color: #ff0000;\"><strong>EUROPA IM KRIEG<\/strong><\/span><\/p>\n<p style=\"text-align: center;\"><a href=\"https:\/\/weltwaldwiesen.de\/weichenstellen\/wp-content\/uploads\/2022\/02\/Ukraine-Solidaritaet-klein.jpg\"><img loading=\"lazy\" class=\"size-medium wp-image-10342 aligncenter\" src=\"https:\/\/weltwaldwiesen.de\/weichenstellen\/wp-content\/uploads\/2022\/02\/Ukraine-Solidaritaet-klein-300x118.jpg\" alt=\"\" width=\"300\" height=\"118\" srcset=\"https:\/\/www.weltwaldwiesen.de\/weichenstellen\/wp-content\/uploads\/2022\/02\/Ukraine-Solidaritaet-klein-300x118.jpg 300w, https:\/\/www.weltwaldwiesen.de\/weichenstellen\/wp-content\/uploads\/2022\/02\/Ukraine-Solidaritaet-klein.jpg 450w\" sizes=\"(max-width: 300px) 100vw, 300px\" \/><\/a><br \/>\nFoto: Christophe Gateau\/dpa<\/p>\n<p style=\"text-align: center;\"><a href=\"https:\/\/weltwaldwiesen.de\/weichenstellen\/krieg-in-europa\/\"><strong>WEITERES\u00a0 HIER<\/strong><\/a><\/p>\n<hr \/>\n<p style=\"text-align: center;\"><span style=\"font-family: verdana, geneva, sans-serif; font-size: 24pt; color: #ff0000;\"><strong>CANNABIS-LEGALISIERUNG<\/strong><\/span><\/p>\n<p><span style=\"font-family: verdana, geneva, sans-serif; font-size: 14pt;\">Drogenhandel, Drogenkonsum und damit h\u00e4ufig verbundene Kriminalisierung f\u00fchren in unvorstellbare Krisen und sind eine gesellschaftliche Herausforderung.\u00a0 Die Idee, eine (eingeschr\u00e4nkte)\u00a0 Legalisierung k\u00f6nnte hier eine Erleichterung, vielleicht sogar eine L\u00f6sung bringen, ist mehr als fragw\u00fcrdig. Sie verschiebt allenfalls auf andere Problemsituationen. Namhafte Fachleute mahnen und fordern offensivere Pr\u00e4vention statt solcher Ma\u00dfnahmen.<\/span><\/p>\n<p style=\"text-align: center;\"><strong><span style=\"font-family: verdana, geneva, sans-serif; font-size: 14pt;\">Wer sich in die Frage von Pr\u00e4vention und Hilfen<br \/>\nbeim Weg aus Suchtmittel-Abh\u00e4ngigkeit<br \/>\nvertiefen m\u00f6chte,<br \/>\nfindet hier Impulse und &#8218;Strategien&#8216; &#8230;<br \/>\n<\/span><\/strong><\/p>\n<p><img loading=\"lazy\" class=\"size-medium wp-image-37 aligncenter\" src=\"https:\/\/weltwaldwiesen.de\/weichenstellen\/wp-content\/uploads\/2013\/09\/Tragen-300x201.jpg\" sizes=\"(max-width: 300px) 100vw, 300px\" srcset=\"https:\/\/weltwaldwiesen.de\/weichenstellen\/wp-content\/uploads\/2013\/09\/Tragen-300x201.jpg 300w, https:\/\/weltwaldwiesen.de\/weichenstellen\/wp-content\/uploads\/2013\/09\/Tragen.jpg 445w\" alt=\"Tragen\" width=\"300\" height=\"201\" \/><\/p>\n<p style=\"text-align: center;\"><strong><span style=\"font-size: 18pt; font-family: verdana, geneva, sans-serif;\"><span style=\"color: #ff0000;\">SINN STATT SUCHT<\/span><br \/>\n<a href=\"https:\/\/weltwaldwiesen.de\/weichenstellen\/tragfaehigkeit\/\">Tragf\u00e4higkeit in Unertr\u00e4glichkeiten<\/a><\/span><\/strong><\/p>\n<hr \/>\n<header class=\"cartouche\">\n<h1 style=\"text-align: center;\"><span class=\"crayon article-titre-28816 \"><span style=\"font-family: verdana, geneva, sans-serif; color: #ff0000;\"><span style=\"font-size: 36pt;\">IMPULSE AUS TAIZ\u00c9<\/span> <\/span><br \/>\n<\/span><\/h1>\n<p style=\"text-align: center;\"><a href=\"https:\/\/weltwaldwiesen.de\/weichenstellen\/wp-content\/uploads\/2022\/11\/PilTaize19-DSC_0303-29.jpgklein.jpg\"><img loading=\"lazy\" class=\"alignnone wp-image-10688\" src=\"https:\/\/weltwaldwiesen.de\/weichenstellen\/wp-content\/uploads\/2022\/11\/PilTaize19-DSC_0303-29.jpgklein-300x199.jpg\" alt=\"\" width=\"372\" height=\"247\" srcset=\"https:\/\/www.weltwaldwiesen.de\/weichenstellen\/wp-content\/uploads\/2022\/11\/PilTaize19-DSC_0303-29.jpgklein-300x199.jpg 300w, https:\/\/www.weltwaldwiesen.de\/weichenstellen\/wp-content\/uploads\/2022\/11\/PilTaize19-DSC_0303-29.jpgklein.jpg 450w\" sizes=\"(max-width: 372px) 100vw, 372px\" \/><\/a><\/p>\n<p style=\"text-align: center;\"><span style=\"font-family: verdana, geneva, sans-serif; font-size: 18pt;\"><strong>Taiz\u00e9 ist Ort und ein Pilger-Station des Vertrauens.<\/strong><\/span><\/p>\n<p style=\"text-align: center;\"><span style=\"font-size: 14pt; font-family: verdana, geneva, sans-serif;\">Aus der &#8218;Kirche der Vers\u00f6hnung&#8216;<\/span><br \/>\n<span style=\"font-size: 14pt; font-family: verdana, geneva, sans-serif;\">werden gemeinsame Gebete<\/span><br \/>\n<span style=\"font-size: 14pt; font-family: verdana, geneva, sans-serif;\">der Gemeinschaft von Taiz\u00e9<\/span><br \/>\n<span style=\"font-size: 14pt; font-family: verdana, geneva, sans-serif;\">\u00fcbertragen.<\/span><strong><br \/>\n<\/strong><\/p>\n<p style=\"text-align: center;\"><a href=\"https:\/\/www.taize.fr\"><span style=\"font-size: 14pt; font-family: verdana, geneva, sans-serif;\"><strong>https:\/\/www.taize.fr<\/strong><\/span><\/a><\/p>\n<div class=\"crayon article-texte-28816 texte surlignable\">\n<p>&nbsp;<\/p>\n<\/div>\n<\/header>\n<div class=\"crayon article-chapo-28816 chapo surlignable\" style=\"text-align: center;\">\n<p><span style=\"font-family: verdana, geneva, sans-serif; font-size: 14pt;\"><strong><a href=\"https:\/\/weltwaldwiesen.de\/weichenstellen\/was-ist-taize\/\">WEITER LESEN<\/a><\/strong><\/span><\/p>\n<p><strong>xxxxxxxxxxxxxxxxxxxxxxxxxxxxxxxxxxxxxxxxxxx<\/strong><\/p>\n<p><span style=\"font-family: verdana, geneva, sans-serif; font-size: 24pt;\"><a href=\"https:\/\/weltwaldwiesen.de\/weichenstellen\/pilgerweg-des-vertrauens\/\"><strong><span style=\"color: #ff0000;\">PILGERWEG DES VERTRAUENS<\/span><\/strong><\/a><\/span><span style=\"font-size: 14pt; font-family: verdana, geneva, sans-serif;\"><br \/>\nin der Walburgiskirche Venne , Osnabr\u00fccker Land<\/span><\/p>\n<p><img loading=\"lazy\" class=\"aligncenter wp-image-2111 size-medium\" src=\"https:\/\/weltwaldwiesen.de\/weichenstellen\/wp-content\/uploads\/2014\/05\/Taize28-224x300.jpg\" alt=\"\" width=\"224\" height=\"300\" srcset=\"https:\/\/www.weltwaldwiesen.de\/weichenstellen\/wp-content\/uploads\/2014\/05\/Taize28-224x300.jpg 224w, https:\/\/www.weltwaldwiesen.de\/weichenstellen\/wp-content\/uploads\/2014\/05\/Taize28.jpg 347w\" sizes=\"(max-width: 224px) 100vw, 224px\" \/><\/p>\n<\/div>\n<div class=\"crayon article-texte-28816 texte surlignable\" style=\"text-align: center;\">\n<div class=\"crayon article-texte-28816 texte surlignable\">\n<p><span style=\"font-family: verdana, geneva, sans-serif; font-size: 18pt;\">Solidarit\u00e4t in Vielgestaltigkeit<\/span><\/p>\n<\/div>\n<hr \/>\n<\/div>\n<div><\/div>\n<div class=\"crayon article-texte-28816 texte surlignable\" style=\"text-align: center;\"><span style=\"font-family: verdana, geneva, sans-serif; font-size: 24pt; color: #ff0000;\"><strong>WIR LEBEN AUF \u201aPUMP\u2018<\/strong><\/span><\/div>\n<p style=\"text-align: center;\"><a class=\"fancyboxforwp\" href=\"https:\/\/weltwaldwiesen.de\/weichenstellen\/wp-content\/uploads\/2018\/08\/\u00dcberlastung.png\" data-fancybox=\"gallery\"><img loading=\"lazy\" class=\"alignnone size-medium wp-image-7502\" src=\"https:\/\/weltwaldwiesen.de\/weichenstellen\/wp-content\/uploads\/2018\/08\/\u00dcberlastung-300x191.png\" sizes=\"(max-width: 300px) 100vw, 300px\" srcset=\"https:\/\/weltwaldwiesen.de\/weichenstellen\/wp-content\/uploads\/2018\/08\/\u00dcberlastung-300x191.png 300w, https:\/\/weltwaldwiesen.de\/weichenstellen\/wp-content\/uploads\/2018\/08\/\u00dcberlastung.png 540w\" alt=\"\" width=\"300\" height=\"191\" \/><\/a><\/p>\n<p style=\"text-align: center;\"><span style=\"font-family: verdana, geneva, sans-serif; font-size: 24pt; color: #ff0000;\"><strong>Es liegt in unserer Hand \u2026<\/strong><\/span><\/p>\n<p style=\"text-align: center;\"><strong><span style=\"font-family: verdana, geneva, sans-serif; font-size: 14pt;\"><span style=\"color: #ff0000;\">Wir alle haben es in der Hand,<br \/>\nunseren Planeten nicht weiter zu ersch\u00f6pfen.<\/span><br \/>\nEs gibt viele M\u00f6glichkeiten.<br \/>\nReduzieren wir unseren \u00f6kologischen Fu\u00dfabdruck \u2013<br \/>\nund verringern wir unsere Schulden bei der Erde \u2013<br \/>\nwenn wir es nicht tun, wer dann?<\/span><\/strong><\/p>\n<ul style=\"text-align: center;\">\n<li><strong><span style=\"font-family: verdana, geneva, sans-serif; font-size: 14pt;\">Lassen wir uns nicht von Resignation \u00fcberw\u00e4ltigen,<br \/>\nweil der <span style=\"color: #ff0000;\">Weltersch\u00f6pfungstag<\/span> jedes Jahr zu einem fr\u00fcheren Zeitpunkt verzeichnet werden muss.<\/span><\/strong><\/li>\n<li><strong><span style=\"font-family: verdana, geneva, sans-serif; font-size: 14pt;\">Handeln wir aus Liebe zu unserem blauen Planeten<br \/>\nf\u00fcr alle Menschen, f\u00fcr uns und unsere Kinder.<\/span><\/strong><\/li>\n<li><strong><span style=\"font-family: verdana, geneva, sans-serif; font-size: 14pt;\">Wer Beispiele f\u00fcr solchen Einsatz sucht,<br \/>\nfindet sie zum Beispiel hier:<br \/>\n<\/span><\/strong><a href=\"https:\/\/www.polarstern-energie.de\/magazin\/artikel\/earth-overshoot-day\/\" target=\"_blank\" rel=\"noopener\"><span style=\"font-family: verdana, geneva, sans-serif; font-size: 14pt;\">https:\/\/www.polarstern-energie.de\/magazin\/artikel\/earth-overshoot-day\/<\/span><\/a><strong><span style=\"font-family: verdana, geneva, sans-serif; font-size: 14pt;\"><br \/>\n<\/span><\/strong><\/li>\n<\/ul>\n<hr \/>\n<p style=\"text-align: center;\"><span style=\"font-size: 24pt; font-family: verdana, geneva, sans-serif; color: #ff0000;\"><strong>TAGE DER VERGANGENHEIT<br \/>\nIN PR\u00c4SENTEM BEWUSSTSEIN<\/strong><\/span><a href=\"https:\/\/weltwaldwiesen.de\/weichenstellen\/wp-content\/uploads\/2014\/01\/Stacheldraht.jpg\"><img loading=\"lazy\" class=\"size-medium wp-image-1349 aligncenter\" src=\"https:\/\/weltwaldwiesen.de\/weichenstellen\/wp-content\/uploads\/2014\/01\/Stacheldraht-300x218.jpg\" alt=\"\" width=\"300\" height=\"218\" srcset=\"https:\/\/www.weltwaldwiesen.de\/weichenstellen\/wp-content\/uploads\/2014\/01\/Stacheldraht-300x218.jpg 300w, https:\/\/www.weltwaldwiesen.de\/weichenstellen\/wp-content\/uploads\/2014\/01\/Stacheldraht.jpg 505w\" sizes=\"(max-width: 300px) 100vw, 300px\" \/><\/a><br \/>\n<span style=\"font-size: 18pt; font-family: verdana, geneva, sans-serif;\"><a href=\"https:\/\/weltwaldwiesen.de\/weichenstellen\/kristall-der-hoffnung\/\"><strong>Kristall der Hoffnung<\/strong><\/a><br \/>\n<span style=\"color: #ff0000;\"><span style=\"font-size: 14pt;\">27. Januar und weitere markante Tage<\/span><br \/>\n<\/span><\/span><\/p>\n<hr \/>\n<hr \/>\n<p style=\"text-align: center;\"><span style=\"font-size: 36pt; font-family: verdana, geneva, sans-serif; color: #000000;\"><strong>DIESE\u00a0 <\/strong><span style=\"font-size: 14pt;\">unten aufgef\u00fchrten<\/span><strong> THEMEN NICHT AUS DEN AUGEN VERLIEREN<span style=\"color: #ff0000;\">!<\/span><\/strong><\/span><\/p>\n<p style=\"text-align: center;\"><span style=\"font-size: 14pt; font-family: verdana, geneva, sans-serif;\"><span style=\"color: #ff0000;\">&#x2665; <\/span>KLIMA &#8218;BRENNENDES HAUS&#8216;<\/span><br \/>\n<span style=\"font-size: 14pt; font-family: verdana, geneva, sans-serif;\"><span style=\"color: #ff0000;\">&#x2665; <\/span>NEUER BUNDESTAG<\/span><br \/>\n<span style=\"font-size: 14pt; font-family: verdana, geneva, sans-serif;\"><span style=\"color: #ff0000;\">&#x2665; <\/span>TAG DER DEUTSCHEN EINHEIT<\/span><br \/>\n<span style=\"font-size: 14pt; font-family: verdana, geneva, sans-serif;\"><span style=\"color: #ff0000;\">&#x2665; <\/span>WELT-KINDER-TAG<\/span><br \/>\n<span style=\"font-size: 14pt; font-family: verdana, geneva, sans-serif;\"><span style=\"color: #ff0000;\">&#x2665; <\/span>DIE GROSSE FLUT<\/span><\/p>\n<hr \/>\n<p style=\"text-align: center;\"><span style=\"font-size: 24pt; font-family: verdana, geneva, sans-serif;\"><strong><span style=\"color: #ff0000;\">&#8218;BRENNENDES HAUS&#8216;<\/span><br \/>\n<\/strong><span style=\"font-size: 18pt;\"><em>Die Klima-Konferenzvom <strong>6.-18.11 2022<\/strong> in Sharm el-Sheikh ist von den drastischen Folgen<br \/>\nder Erderw\u00e4rmung\u00a0 bestimmt.<br \/>\n<\/em><\/span><\/span><\/p>\n<div id=\"attachment_8194\" style=\"width: 310px\" class=\"wp-caption aligncenter\"><a href=\"https:\/\/weltwaldwiesen.de\/weichenstellen\/wp-content\/uploads\/2019\/03\/P6065516.jpgklein.jpg\"><img aria-describedby=\"caption-attachment-8194\" loading=\"lazy\" class=\"size-medium wp-image-8194\" src=\"https:\/\/weltwaldwiesen.de\/weichenstellen\/wp-content\/uploads\/2019\/03\/P6065516.jpgklein-300x225.jpg\" alt=\"\" width=\"300\" height=\"225\" srcset=\"https:\/\/www.weltwaldwiesen.de\/weichenstellen\/wp-content\/uploads\/2019\/03\/P6065516.jpgklein-300x225.jpg 300w, https:\/\/www.weltwaldwiesen.de\/weichenstellen\/wp-content\/uploads\/2019\/03\/P6065516.jpgklein.jpg 450w\" sizes=\"(max-width: 300px) 100vw, 300px\" \/><\/a><p id=\"caption-attachment-8194\" class=\"wp-caption-text\"><strong>\u00a0\u00a0\u00a0\u00a0\u00a0\u00a0\u00a0\u00a0\u00a0\u00a0\u00a0\u00a0\u00a0\u00a0<span style=\"font-size: 14pt; font-family: verdana, geneva, sans-serif;\">\u00a0 UNAUFSCHIEBBAR!<\/span><\/strong><\/p><\/div>\n<p style=\"text-align: center;\"><span style=\"font-family: verdana, geneva, sans-serif; font-size: 14pt; color: #ff0000;\"><strong>&#8218;GRETA&#8216;<\/strong><\/span><br \/>\n<a href=\"https:\/\/weltwaldwiesen.de\/weichenstellen\/brennendes-haus\/\"><strong><span style=\"font-size: 14pt; font-family: verdana, geneva, sans-serif;\">Synonym einer unaufschiebbaren Herausforderung<\/span><\/strong><\/a><\/p>\n<hr \/>\n<p style=\"text-align: center;\"><span style=\"color: #ff0000;\"><strong><span style=\"font-size: 14pt; font-family: verdana, geneva, sans-serif;\">AKTUELL<br \/>\n<\/span><\/strong><\/span><span style=\"font-size: 14pt; font-family: verdana, geneva, sans-serif;\"><em>In einem Beitrag vom Redaktionsleiter Wirtschaft und Umwelt, Deutschlandfunk, Georg Ehring ist im MAGAZIN November 2022 das zu lesen:<\/em> <\/span><\/p>\n<p style=\"text-align: center;\"><span style=\"font-size: 14pt; font-family: verdana, geneva, sans-serif; color: #ff0000;\"><strong>Die Konferenz findet in Afrika statt., auf dem Kontinent, der kaum etwas zur Erderw\u00e4rmung beigetragen hat, aber viel massiver darunter leidet. L\u00e4nder aus Afrika, Asien, Ozeanien und Lateinamerika verlangen deshalb von den Industriel\u00e4ndern Hilfen beim Klimaschutz und Anpassung an die unvermeidbaren Ver\u00e4nderungen, aber auch Schadenersatz &#8230;.<\/strong><br \/>\n<\/span><\/p>\n<hr \/>\n<p style=\"text-align: center;\"><span style=\"font-size: 18pt;\">KAMPAGNE<\/span><br \/>\n<a href=\"http:\/\/www.avaaz.org\"><strong><span style=\"font-size: 14pt; font-family: verdana, geneva, sans-serif;\">www.avaaz.org<\/span><\/strong><\/a><\/p>\n<hr \/>\n<p style=\"text-align: center;\"><strong><span style=\"font-family: verdana, geneva, sans-serif; font-size: 24pt;\"><span style=\"color: #ff0000;\">WAHL EINES NEUEN BUNDESTAGES<br \/>\n<\/span><\/span><\/strong><\/p>\n<p><a href=\"https:\/\/weltwaldwiesen.de\/weichenstellen\/wp-content\/uploads\/2020\/09\/Antje-Dez.-15.-41klein.jpg\"><img loading=\"lazy\" class=\"aligncenter wp-image-9252 size-medium\" src=\"https:\/\/weltwaldwiesen.de\/weichenstellen\/wp-content\/uploads\/2020\/09\/Antje-Dez.-15.-41klein-300x225.jpg\" alt=\"\" width=\"300\" height=\"225\" srcset=\"https:\/\/www.weltwaldwiesen.de\/weichenstellen\/wp-content\/uploads\/2020\/09\/Antje-Dez.-15.-41klein-300x225.jpg 300w, https:\/\/www.weltwaldwiesen.de\/weichenstellen\/wp-content\/uploads\/2020\/09\/Antje-Dez.-15.-41klein.jpg 450w\" sizes=\"(max-width: 300px) 100vw, 300px\" \/><\/a><\/p>\n<p style=\"text-align: center;\"><a href=\"https:\/\/weltwaldwiesen.de\/weichenstellen\/politisches\/\"><strong><span style=\"font-family: verdana, geneva, sans-serif; font-size: 14pt;\">DAZU GEDANKEN UND IMPULSE<\/span><\/strong><\/a><\/p>\n<hr \/>\n<p style=\"text-align: center;\"><a href=\"https:\/\/weltwaldwiesen.de\/weichenstellen\/tag-der-deutschen-einheit\/\"><strong><span style=\"font-size: 14pt; font-family: verdana, geneva, sans-serif;\">TAG DER DEUTSCHEN EINHEIT<\/span><\/strong><\/a><\/p>\n<p style=\"text-align: center;\"><a href=\"https:\/\/weltwaldwiesen.de\/weichenstellen\/wp-content\/uploads\/2022\/10\/DSC_0281-Schnitt-klein.jpg\"><img loading=\"lazy\" class=\"alignnone size-medium wp-image-10619\" src=\"https:\/\/weltwaldwiesen.de\/weichenstellen\/wp-content\/uploads\/2022\/10\/DSC_0281-Schnitt-klein-213x300.jpg\" alt=\"\" width=\"213\" height=\"300\" srcset=\"https:\/\/www.weltwaldwiesen.de\/weichenstellen\/wp-content\/uploads\/2022\/10\/DSC_0281-Schnitt-klein-213x300.jpg 213w, https:\/\/www.weltwaldwiesen.de\/weichenstellen\/wp-content\/uploads\/2022\/10\/DSC_0281-Schnitt-klein.jpg 450w\" sizes=\"(max-width: 213px) 100vw, 213px\" \/><\/a><\/p>\n<hr \/>\n<p style=\"text-align: center;\"><span style=\"font-size: 24pt;\"><span style=\"font-family: verdana, geneva, sans-serif; color: #ff0000;\"><strong>WELTKINDERTAG<br \/>\n<\/strong><\/span><\/span><span style=\"font-family: verdana, geneva, sans-serif; font-size: 18pt;\"><strong>Kinder sind kleine Menschen-<br \/>\nihre Rechte geh\u00f6ren ins Grundgesetz<br \/>\n<\/strong><\/span><\/p>\n<p style=\"text-align: center;\"><a href=\"https:\/\/weltwaldwiesen.de\/weichenstellen\/wp-content\/uploads\/2021\/09\/P6187922_klein.jpg\"><img loading=\"lazy\" class=\"alignnone size-medium wp-image-9996 aligncenter\" src=\"https:\/\/weltwaldwiesen.de\/weichenstellen\/wp-content\/uploads\/2021\/09\/P6187922_klein-225x300.jpg\" alt=\"\" width=\"225\" height=\"300\" srcset=\"https:\/\/www.weltwaldwiesen.de\/weichenstellen\/wp-content\/uploads\/2021\/09\/P6187922_klein-225x300.jpg 225w, https:\/\/www.weltwaldwiesen.de\/weichenstellen\/wp-content\/uploads\/2021\/09\/P6187922_klein.jpg 450w\" sizes=\"(max-width: 225px) 100vw, 225px\" \/><\/a><br \/>\n<a href=\"https:\/\/weltwaldwiesen.de\/weichenstellen\/kinder\/\"><strong><span style=\"font-family: verdana, geneva, sans-serif; font-size: 14pt;\">Kontakt zum &#8218;kleinen Menschen&#8216; (auch) in dir<\/span><\/strong><\/a><\/p>\n<hr \/>\n<p style=\"text-align: center;\"><span style=\"color: #ff0000;\"><strong><span style=\"font-family: verdana, geneva, sans-serif; font-size: 24pt;\">DIE GROSSE FLUT MAHNT<\/span><\/strong><\/span><\/p>\n<p style=\"text-align: center;\"><a href=\"https:\/\/weltwaldwiesen.de\/weichenstellen\/wp-content\/uploads\/2013\/11\/Burg.jpg\"><img loading=\"lazy\" class=\"alignnone size-medium wp-image-4245\" src=\"https:\/\/weltwaldwiesen.de\/weichenstellen\/wp-content\/uploads\/2013\/11\/Burg-200x300.jpg\" alt=\"\" width=\"200\" height=\"300\" srcset=\"https:\/\/www.weltwaldwiesen.de\/weichenstellen\/wp-content\/uploads\/2013\/11\/Burg-200x300.jpg 200w, https:\/\/www.weltwaldwiesen.de\/weichenstellen\/wp-content\/uploads\/2013\/11\/Burg-683x1024.jpg 683w, https:\/\/www.weltwaldwiesen.de\/weichenstellen\/wp-content\/uploads\/2013\/11\/Burg.jpg 768w\" sizes=\"(max-width: 200px) 100vw, 200px\" \/><\/a><br \/>\n<strong><span style=\"font-size: 14pt; font-family: verdana, geneva, sans-serif;\">Was sch\u00fctzt wirklich davor,<br \/>\nden Boden unter den F\u00fc\u00dfen zu verlieren?<br \/>\n<\/span><\/strong><a href=\"https:\/\/weltwaldwiesen.de\/weichenstellen\/sintflut\/\"><span style=\"font-size: 14pt; font-family: verdana, geneva, sans-serif;\">Gedanken zur vernichtenden &#8218;Urflut&#8216;<\/span><\/a><\/p>\n<hr \/>\n<hr \/>\n<p style=\"text-align: center;\"><span style=\"font-size: 14pt; font-family: verdana, geneva, sans-serif;\"><strong>XXXXXXXXXXXXXXXXXXXXXXXXXXXXX<br \/>\n<\/strong><\/span><\/p>\n<hr \/>\n<p style=\"text-align: center;\"><span style=\"color: #339966;\"><a style=\"color: #339966;\" href=\"https:\/\/weltwaldwiesen.de\/weichenstellen\/inter-rel\/\"><strong><span style=\"font-size: 24pt; font-family: verdana, geneva, sans-serif;\"><span style=\"color: #ff0000;\">KRAFTWERK RELIGION<\/span><\/span><\/strong><\/a><\/span><\/p>\n<p style=\"text-align: center;\"><strong><img loading=\"lazy\" class=\"size-medium wp-image-970 aligncenter\" src=\"https:\/\/weltwaldwiesen.de\/weichenstellen\/wp-content\/uploads\/2013\/11\/P3251656.jpgklein-300x225.jpg\" alt=\"OLYMPUS DIGITAL CAMERA\" width=\"300\" height=\"225\" srcset=\"https:\/\/www.weltwaldwiesen.de\/weichenstellen\/wp-content\/uploads\/2013\/11\/P3251656.jpgklein-300x225.jpg 300w, https:\/\/www.weltwaldwiesen.de\/weichenstellen\/wp-content\/uploads\/2013\/11\/P3251656.jpgklein.jpg 400w\" sizes=\"(max-width: 300px) 100vw, 300px\" \/><br \/>\n<\/strong><span style=\"font-size: 18pt; font-family: verdana, geneva, sans-serif;\"><strong>Religion.<\/strong><\/span><br \/>\n<span style=\"font-size: 18pt; font-family: verdana, geneva, sans-serif;\"><strong>Verletzendes trifft<\/strong><\/span><br \/>\n<span style=\"font-size: 18pt; font-family: verdana, geneva, sans-serif;\"><strong>besonders Seele tief.<\/strong><\/span><br \/>\n<span style=\"font-size: 18pt; font-family: verdana, geneva, sans-serif;\"><strong>Mein Ort des Heiligen.<\/strong><\/span><br \/>\n<span style=\"font-size: 18pt; font-family: verdana, geneva, sans-serif;\"><strong>Tr\u00e4nen.<\/strong> *<\/span><\/p>\n<p style=\"text-align: center;\"><span style=\"font-size: 14pt; font-family: verdana, geneva, sans-serif;\"><em>* Aufgestaute Tr\u00e4nen flie\u00dfen manchmal \u00fcber Wut ab.<\/em><\/span><\/p>\n<p style=\"text-align: center;\"><span style=\"font-size: 14pt; font-family: verdana, geneva, sans-serif;\">Dieses &#8218;<a href=\"https:\/\/weltwaldwiesen.de\/weichenstellen\/elfchen\/\"><strong>ELFCHEN<\/strong><\/a>&#8218; erf\u00e4hrt angesichts<\/span><br \/>\n<span style=\"font-size: 14pt; font-family: verdana, geneva, sans-serif;\">besch\u00e4mender Karikaturen <\/span><br \/>\n<span style=\"font-size: 14pt; font-family: verdana, geneva, sans-serif;\">nachhaltiges Gewicht.<\/span><\/p>\n<p style=\"text-align: center;\"><span style=\"font-size: 14pt; font-family: verdana, geneva, sans-serif;\"><span style=\"color: #ff0000;\"><strong>Jede Unterbrechung &#8211; gewollt oder verordnet &#8211;<br \/>\nkann zum Schritt in religi\u00f6se Wahrnehmung werden!<\/strong><\/span><\/span><\/p>\n<div class=\"crayon article-texte-28816 texte surlignable\" style=\"text-align: center;\">\n<hr \/>\n<p><span style=\"font-size: 18pt;\"><strong><span style=\"font-family: verdana, geneva, sans-serif; color: #ff0000; font-size: 24pt;\">ZEICHEN VON BARMHERZIGKEIT SETZEN<\/span><\/strong><\/span><\/p>\n<\/div>\n<p><img loading=\"lazy\" class=\"size-medium wp-image-9621 aligncenter\" src=\"https:\/\/weltwaldwiesen.de\/weichenstellen\/wp-content\/uploads\/2021\/01\/Barmherzigkeit-klein-225x300.jpg\" alt=\"\" width=\"225\" height=\"300\" srcset=\"https:\/\/www.weltwaldwiesen.de\/weichenstellen\/wp-content\/uploads\/2021\/01\/Barmherzigkeit-klein-225x300.jpg 225w, https:\/\/www.weltwaldwiesen.de\/weichenstellen\/wp-content\/uploads\/2021\/01\/Barmherzigkeit-klein.jpg 450w\" sizes=\"(max-width: 225px) 100vw, 225px\" \/><\/p>\n<p style=\"text-align: center;\"><span style=\"font-family: verdana, geneva, sans-serif; font-size: 18pt; color: #ff0000;\">Hinter jeder Zahl -ob Pandemie, Krieg, Katastrophe &#8211; steht\u00a0 ein Mensch mit Hoffnungen<br \/>\nund stehen Menschen in Trauer.<\/span><\/p>\n<p style=\"text-align: center;\"><a href=\"https:\/\/weltwaldwiesen.de\/weichenstellen\/trauerbegleitung\/\"><span style=\"font-family: verdana, geneva, sans-serif;\"><strong><span style=\"color: #800000; font-size: 14pt;\">Trauer-Begleitung<\/span><\/strong><\/span><\/a><\/p>\n<hr \/>\n<header class=\"cartouche\">\n<p style=\"text-align: center;\"><span style=\"font-size: 24pt; color: #ff0000;\"><strong><span style=\"font-family: verdana, geneva, sans-serif;\">46. PR\u00c4SIDENTSCHAFT<br \/>\n<\/span><\/strong><strong><span style=\"font-family: verdana, geneva, sans-serif;\">IN DEN USA<\/span><\/strong><em><strong><span style=\"font-family: verdana, geneva, sans-serif;\"><br \/>\n<\/span><\/strong><\/em><\/span><\/p>\n<p style=\"text-align: center;\"><em><span style=\"font-size: 14pt; font-family: verdana, geneva, sans-serif;\">Wir streben danach, gezielt eine Gemeinschaft zu schmieden. Ein Land zu bilden, das sich allen Kulturen, Farben, Charakteren und menschlichen Lebensverh\u00e4ltnissen verpflichtet f\u00fchlt.<\/span><\/em><\/p>\n<p style=\"text-align: center;\"><span style=\"font-size: 14pt; font-family: verdana, geneva, sans-serif;\"><em>Und so erheben wir unseren Blick nicht auf das, was zwischen uns steht, sondern auf das, was vor uns steht.\u00a0 <\/em><br \/>\n<em><span style=\"font-size: 12pt;\">Aus dem &#8218;Gedicht&#8216; der 23j\u00e4hrigen Poetin Amanda<\/span> <span style=\"font-size: 12pt;\">Gorman<\/span><\/em><br \/>\n<a href=\"https:\/\/weltwaldwiesen.de\/weichenstellen\/huegel-erklimmen\/\">Weiter lesen &#8230;..<\/a><br \/>\n<\/span><\/p>\n<p style=\"text-align: center;\"><a href=\"https:\/\/weltwaldwiesen.de\/weichenstellen\/wp-content\/uploads\/2016\/01\/P6047606_klein.jpg\"><img loading=\"lazy\" class=\"alignnone size-medium wp-image-5579\" src=\"https:\/\/weltwaldwiesen.de\/weichenstellen\/wp-content\/uploads\/2016\/01\/P6047606_klein-300x225.jpg\" alt=\"\" width=\"300\" height=\"225\" srcset=\"https:\/\/www.weltwaldwiesen.de\/weichenstellen\/wp-content\/uploads\/2016\/01\/P6047606_klein-300x225.jpg 300w, https:\/\/www.weltwaldwiesen.de\/weichenstellen\/wp-content\/uploads\/2016\/01\/P6047606_klein-768x576.jpg 768w, https:\/\/www.weltwaldwiesen.de\/weichenstellen\/wp-content\/uploads\/2016\/01\/P6047606_klein.jpg 800w\" sizes=\"(max-width: 300px) 100vw, 300px\" \/><\/a><\/p>\n<p style=\"text-align: center;\"><span style=\"font-size: 18pt; font-family: verdana, geneva, sans-serif;\">Wer &#8218;Spaltungen&#8216; \u00fcberwinden m\u00f6chte<br \/>\nund &#8218;Anders-Sein&#8216; als Chance versteht,<br \/>\ni<\/span><span style=\"font-size: 18pt; font-family: verdana, geneva, sans-serif;\">st mit der &#8218;guten Kraft&#8216; verbunden,<br \/>\ndie wir &#8218;Gott&#8216; nennen.<br \/>\nSo bef\u00e4higt, entstehen\u00a0 Segen und Heilung.<\/span><span style=\"font-size: 18pt; font-family: verdana, geneva, sans-serif;\"><br \/>\n<\/span><strong><span style=\"font-size: 18pt; font-family: verdana, geneva, sans-serif;\">Mit dieser Sicht<br \/>\nschaue ich auf das gegenw\u00e4rtige Regierungs-Team Team in den USA<br \/>\n<\/span><\/strong><\/p>\n<p><em><span style=\"font-family: verdana, geneva, sans-serif; font-size: 14pt;\"><span style=\"font-size: 24pt; color: #ff0000;\"><strong>!<\/strong><\/span> Nach zwei Jahren Regierungs-Zeit gibt es Stimmen, die\u00a0 Entt\u00e4uschung ausdr\u00fccken.\u00a0 Der hoffnungsvolle Start bleibt dennoch Verm\u00e4chtnis. Die schwierigen Mehrheitsverh\u00e4ltnisse und Herausforderungen sind Realit\u00e4t und bleiben dennoch in dieses Verm\u00e4chtnis eingebunden!\u00a0 20. Januar 2023 <span style=\"font-size: 24pt; color: #ff0000;\"><strong>!<\/strong><\/span><\/span><\/em><\/p>\n<\/header>\n<hr \/>\n<p style=\"text-align: center;\"><span style=\"color: #ff0000; font-size: 36pt; font-family: verdana, geneva, sans-serif;\"><strong>CORONA-VIRUS<\/strong><\/span><\/p>\n<p style=\"text-align: center;\"><strong><span style=\"font-size: 18pt; font-family: verdana, geneva, sans-serif;\">WIRD UNS WEITER BEGLEITEN<\/span><\/strong><\/p>\n<p style=\"text-align: center;\"><span style=\"color: #ff0000;\"><strong><span style=\"font-size: 24pt;\"><a href=\"https:\/\/weltwaldwiesen.de\/weichenstellen\/wp-content\/uploads\/2014\/02\/P3221547.jpgklein.jpg\"><img loading=\"lazy\" class=\"alignnone size-medium wp-image-1446\" src=\"https:\/\/weltwaldwiesen.de\/weichenstellen\/wp-content\/uploads\/2014\/02\/P3221547.jpgklein-225x300.jpg\" alt=\"\" width=\"225\" height=\"300\" srcset=\"https:\/\/www.weltwaldwiesen.de\/weichenstellen\/wp-content\/uploads\/2014\/02\/P3221547.jpgklein-225x300.jpg 225w, https:\/\/www.weltwaldwiesen.de\/weichenstellen\/wp-content\/uploads\/2014\/02\/P3221547.jpgklein.jpg 450w\" sizes=\"(max-width: 225px) 100vw, 225px\" \/><\/a><br \/>\n<\/span><\/strong><\/span><\/p>\n<p style=\"text-align: center;\"><a href=\"https:\/\/weltwaldwiesen.de\/weichenstellen\/corona-virus-2\/\"><strong><span style=\"font-family: verdana, geneva, sans-serif; font-size: 14pt;\">BEITR\u00c4GE HIER<\/span><\/strong><\/a><\/p>\n<div class=\"row\">\n<div class=\"col-xs-10 col-xs-offset-1\">\n<hr \/>\n<p style=\"text-align: center;\"><a href=\"https:\/\/weltwaldwiesen.de\/weichenstellen\/gegen-gewalt\/\"><span style=\"font-size: 18pt;\"><span style=\"color: #ff0000;\"><strong><span style=\"font-size: 24pt; font-family: verdana, geneva, sans-serif;\">GEGEN GEWALT<\/span><\/strong><\/span><\/span><span style=\"font-family: verdana, geneva, sans-serif; color: #ff0000; font-size: 18pt;\"><strong><br \/>\n<\/strong><\/span><\/a><span style=\"font-family: verdana, geneva, sans-serif; font-size: 18pt;\"><strong>Wenn Aggressionen<br \/>\nsich ungehemmt entladen<\/strong><\/span><\/p>\n<p><span style=\"font-size: 18pt;\">Die Zunahme offener Gewalt fordert einmal mehr eine umfassende Strategie, zur Bew\u00e4ltigung von Krisen jeder Form von (Gegen)Gewalt abzusagen. Dazu bedarf es der Begleitung von Kindern und Jugendlichen durch entsprechende Ma\u00dfnahmen in der Fr\u00fcherziehung und obligatorische Lerneinheiten in der Schulzeit.<br \/>\nUnterschiedliche Aspekte finden sich unter obigem Link GEGEN GEWALT.<br \/>\n<\/span><\/p>\n<p><img id=\"logo_img\" class=\"aligncenter\" title=\"Quelle: Initiative Sicherheit neu denken\" src=\"https:\/\/www.sicherheitneudenken.de\/im\/img\/5StHYI-LbSrXmS-LWG-dWEvgbKJLa8OHYK3D_I3DmfBAbIrRfKBDbItDbDvgbKJLaIHd5d\/f,j\/sicherheit_neu_denken_logo.jpg\" alt=\"Quelle: Initiative Sicherheit neu denken\" border=\"0\" \/><\/p>\n<p style=\"text-align: center;\"><a href=\"https:\/\/www.sicherheitneudenken.de\">https:\/\/www.sicherheitneudenken.de<\/a><\/p>\n<\/div>\n<\/div>\n<hr \/>\n<p style=\"text-align: center;\"><span style=\"font-size: 24pt; color: #ff0000;\"><strong>KRITISCHE TREUE BEWAHREN<\/strong><\/span><\/p>\n<p style=\"text-align: center;\"><a href=\"https:\/\/weltwaldwiesen.de\/weichenstellen\/wp-content\/uploads\/2019\/06\/Darmstadt-Karlsruhe-JuniDSC_0271-2.jpgklein.jpg\"><img loading=\"lazy\" class=\"size-medium wp-image-8361 aligncenter\" src=\"https:\/\/weltwaldwiesen.de\/weichenstellen\/wp-content\/uploads\/2019\/06\/Darmstadt-Karlsruhe-JuniDSC_0271-2.jpgklein-300x199.jpg\" alt=\"\" width=\"300\" height=\"199\" srcset=\"https:\/\/www.weltwaldwiesen.de\/weichenstellen\/wp-content\/uploads\/2019\/06\/Darmstadt-Karlsruhe-JuniDSC_0271-2.jpgklein-300x199.jpg 300w, https:\/\/www.weltwaldwiesen.de\/weichenstellen\/wp-content\/uploads\/2019\/06\/Darmstadt-Karlsruhe-JuniDSC_0271-2.jpgklein.jpg 450w\" sizes=\"(max-width: 300px) 100vw, 300px\" \/><\/a><strong><span style=\"font-size: 14pt; font-family: verdana, geneva, sans-serif;\"><a href=\"http:\/\/www.pulseofeurope.eu\/\">pulseofeurope.eu<\/a><\/span><\/strong><\/p>\n<p style=\"text-align: center;\"><strong><span style=\"font-size: 14pt; font-family: verdana, geneva, sans-serif;\"><br \/>\nEuropa unterm Strich<br \/>\n<\/span><\/strong><span style=\"font-size: 14pt; font-family: verdana, geneva, sans-serif;\"><strong><span style=\"color: #ff0000;\"><em>Achtung und Gerechtigkeit<\/em> <\/span><\/strong><br \/>\nin staatlichen Systemen und in gesellschaftlichem Miteinander<\/span><\/p>\n<p style=\"text-align: center;\"><a href=\"https:\/\/weltwaldwiesen.de\/weichenstellen\/traum-am-anfang\/\"><span style=\"font-family: verdana, geneva, sans-serif;\"><strong><span style=\"font-size: 14pt;\">Am Anfang stand ein Traum<\/span><\/strong><\/span><\/a><\/p>\n<hr \/>\n<p style=\"text-align: center;\"><span style=\"color: #ff0000;\"><strong><span style=\"font-size: 24pt;\">EIN SCHIFF, DAS VERTRAUEN BRINGT<\/span><\/strong><\/span><\/p>\n<div id=\"attachment_10819\" style=\"width: 310px\" class=\"wp-caption aligncenter\"><a href=\"https:\/\/weltwaldwiesen.de\/weichenstellen\/wp-content\/uploads\/2023\/02\/KiTa-Wittenberg-98-klein.jpg\"><img aria-describedby=\"caption-attachment-10819\" loading=\"lazy\" class=\"size-medium wp-image-10819\" src=\"https:\/\/weltwaldwiesen.de\/weichenstellen\/wp-content\/uploads\/2023\/02\/KiTa-Wittenberg-98-klein-300x225.jpg\" alt=\"\" width=\"300\" height=\"225\" srcset=\"https:\/\/www.weltwaldwiesen.de\/weichenstellen\/wp-content\/uploads\/2023\/02\/KiTa-Wittenberg-98-klein-300x225.jpg 300w, https:\/\/www.weltwaldwiesen.de\/weichenstellen\/wp-content\/uploads\/2023\/02\/KiTa-Wittenberg-98-klein.jpg 450w\" sizes=\"(max-width: 300px) 100vw, 300px\" \/><\/a><p id=\"caption-attachment-10819\" class=\"wp-caption-text\"><span style=\"color: #ff0000;\"><strong><span style=\"font-family: verdana, geneva, sans-serif; font-size: 14pt;\">KEINE BR\u00dcCHIGE FREIHEIT!<\/span><\/strong><\/span><\/p><\/div>\n<p style=\"text-align: center;\"><a href=\"http:\/\/chng.it\/p5pKgXfRvq\"><span style=\"font-family: verdana,geneva,sans-serif; font-size: 14pt;\"><strong>http:\/\/chng.it\/p5pKgXfRvq<\/strong><\/span><\/a><\/p>\n<p style=\"text-align: center;\"><span style=\"font-family: verdana,geneva,sans-serif; font-size: 14pt;\">Das ist die Verbindung zu einer Aktion,<br \/>\n<\/span><span style=\"font-family: verdana,geneva,sans-serif; font-size: 14pt;\">Menschen auf der Flucht<br \/>\nvor der Gefahr des Ertrinkens im Mittelmeer<br \/>\nzu bewahren &#8230;<\/span><\/p>\n<p><a href=\"https:\/\/weltwaldwiesen.de\/weichenstellen\/wp-content\/uploads\/2020\/04\/P7185692_klein.jpg\"><img loading=\"lazy\" class=\"size-medium wp-image-8975 aligncenter\" src=\"https:\/\/weltwaldwiesen.de\/weichenstellen\/wp-content\/uploads\/2020\/04\/P7185692_klein-300x225.jpg\" alt=\"\" width=\"300\" height=\"225\" srcset=\"https:\/\/www.weltwaldwiesen.de\/weichenstellen\/wp-content\/uploads\/2020\/04\/P7185692_klein-300x225.jpg 300w, https:\/\/www.weltwaldwiesen.de\/weichenstellen\/wp-content\/uploads\/2020\/04\/P7185692_klein-768x576.jpg 768w, https:\/\/www.weltwaldwiesen.de\/weichenstellen\/wp-content\/uploads\/2020\/04\/P7185692_klein-660x495.jpg 660w, https:\/\/www.weltwaldwiesen.de\/weichenstellen\/wp-content\/uploads\/2020\/04\/P7185692_klein.jpg 800w\" sizes=\"(max-width: 300px) 100vw, 300px\" \/><\/a><\/p>\n<p style=\"text-align: center;\"><span style=\"color: #339966; font-family: verdana,geneva,sans-serif; font-size: 18pt;\"><strong>SCHICKEN WIR EIN SCHIFF !<br \/>\n<span style=\"color: #ff0000;\">Ja! Erfolg! Super! Danke!<\/span><br \/>\n<\/strong><\/span><\/p>\n<p style=\"text-align: center;\"><span style=\"font-size: 14pt; font-family: verdana, geneva, sans-serif;\">30. Jan. 2020 \u2014 Jetzt ist es best\u00e4tigt:<br \/>\nDie Kirche hat ein Schiff gekauft.<br \/>\nDas von der Evangelischen Kirche in Deutschland (EKD)<br \/>\ngestartete B\u00fcndnis \u201eUnited4Rescue \u2013 gemeinsam retten\u201c<br \/>\nhat in einem Bieterverfahren<br \/>\ndas ehemalige Kieler Forschungsschiff \u201ePoseidon\u201c erworben.<\/span><\/p>\n<p style=\"text-align: center;\"><a href=\"https:\/\/weltwaldwiesen.de\/weichenstellen\/wp-content\/uploads\/2020\/09\/SEA-WATCH200820_ChrisGrodotzki_1711-1536x1025.jpg\"><img loading=\"lazy\" class=\"alignnone size-medium wp-image-9262\" src=\"https:\/\/weltwaldwiesen.de\/weichenstellen\/wp-content\/uploads\/2020\/09\/SEA-WATCH200820_ChrisGrodotzki_1711-1536x1025-300x200.jpg\" alt=\"\" width=\"300\" height=\"200\" srcset=\"https:\/\/www.weltwaldwiesen.de\/weichenstellen\/wp-content\/uploads\/2020\/09\/SEA-WATCH200820_ChrisGrodotzki_1711-1536x1025-300x200.jpg 300w, https:\/\/www.weltwaldwiesen.de\/weichenstellen\/wp-content\/uploads\/2020\/09\/SEA-WATCH200820_ChrisGrodotzki_1711-1536x1025-768x513.jpg 768w, https:\/\/www.weltwaldwiesen.de\/weichenstellen\/wp-content\/uploads\/2020\/09\/SEA-WATCH200820_ChrisGrodotzki_1711-1536x1025-1024x683.jpg 1024w, https:\/\/www.weltwaldwiesen.de\/weichenstellen\/wp-content\/uploads\/2020\/09\/SEA-WATCH200820_ChrisGrodotzki_1711-1536x1025-660x440.jpg 660w, https:\/\/www.weltwaldwiesen.de\/weichenstellen\/wp-content\/uploads\/2020\/09\/SEA-WATCH200820_ChrisGrodotzki_1711-1536x1025.jpg 1536w\" sizes=\"(max-width: 300px) 100vw, 300px\" \/><\/a><\/p>\n<hr \/>\n<p style=\"text-align: center;\"><span style=\"color: #ff0000;\"><strong><span style=\"font-family: verdana,geneva,sans-serif; font-size: 24pt;\">DIE MITTE VERLOREN?<\/span><\/strong><\/span><\/p>\n<p style=\"text-align: center;\"><a href=\"https:\/\/weltwaldwiesen.de\/weichenstellen\/wp-content\/uploads\/2018\/11\/LeuchtenSonne.jpg\"><img loading=\"lazy\" class=\"alignnone size-medium wp-image-7811\" src=\"https:\/\/weltwaldwiesen.de\/weichenstellen\/wp-content\/uploads\/2018\/11\/LeuchtenSonne-300x225.jpg\" alt=\"\" width=\"300\" height=\"225\" srcset=\"https:\/\/www.weltwaldwiesen.de\/weichenstellen\/wp-content\/uploads\/2018\/11\/LeuchtenSonne-300x225.jpg 300w, https:\/\/www.weltwaldwiesen.de\/weichenstellen\/wp-content\/uploads\/2018\/11\/LeuchtenSonne.jpg 547w\" sizes=\"(max-width: 300px) 100vw, 300px\" \/><\/a><br \/>\n<span style=\"font-family: verdana,geneva,sans-serif; font-size: 14pt;\"><strong>Eine &#8218;Studie&#8216; indiziert die \u00d6ffentlichkeit &#8230;<\/strong><br \/>\n<span style=\"font-size: medium;\">Wer seine &#8218;Mitte&#8216; verliert, ist\u00a0den von der &#8218;Peripherie&#8216; ausgehenden Ereignissen angstvoll ausgeliefert &#8230;<br \/>\nImpulse zum Erhalt der Mitte\u00a0<strong><a href=\"https:\/\/weltwaldwiesen.de\/weichenstellen\/sein-gegen-die-angst\/\">HIER<\/a><\/strong><\/span><\/span><\/p>\n<hr \/>\n<p style=\"text-align: center;\"><strong><span style=\"color: #ff0000; font-family: verdana,geneva,sans-serif; font-size: 24pt;\">DER MOND IST AUFGEGANGEN<\/span><br \/>\n<\/strong><span style=\"color: #ff0000;\"><span style=\"color: #000000; font-family: verdana,geneva,sans-serif; font-size: 14pt;\">Am 21. Juli 1969 &#8211; vor mehr als 50 Jahren &#8211; betraten die Astronauten<br \/>\nNeil Armstrong und Edwin Aldrin<br \/>\nals erste Menschen den Mond &#8230;<\/span><br \/>\n<\/span><\/p>\n<p style=\"text-align: center;\"><a href=\"https:\/\/weltwaldwiesen.de\/weichenstellen\/wp-content\/uploads\/2019\/06\/12.-19.Aug-Sonnensee-33.jpgklein.jpg\"><img loading=\"lazy\" class=\"aligncenter wp-image-8403 size-medium\" src=\"https:\/\/weltwaldwiesen.de\/weichenstellen\/wp-content\/uploads\/2019\/06\/12.-19.Aug-Sonnensee-33.jpgklein-300x225.jpg\" alt=\"\" width=\"300\" height=\"225\" srcset=\"https:\/\/www.weltwaldwiesen.de\/weichenstellen\/wp-content\/uploads\/2019\/06\/12.-19.Aug-Sonnensee-33.jpgklein-300x225.jpg 300w, https:\/\/www.weltwaldwiesen.de\/weichenstellen\/wp-content\/uploads\/2019\/06\/12.-19.Aug-Sonnensee-33.jpgklein.jpg 450w\" sizes=\"(max-width: 300px) 100vw, 300px\" \/><\/a><span style=\"font-family: verdana,geneva,sans-serif; font-size: 24pt;\"><span style=\"font-size: 14pt;\"><a href=\"https:\/\/weltwaldwiesen.de\/weichenstellen\/mond-und-mensch\/\"><strong>LIEBE AUF\u00a0AUF DEN ZWEITEN BLICK<\/strong><\/a><\/span><\/span><span style=\"font-family: verdana,geneva,sans-serif;\"><br \/>\n<\/span><\/p>\n<hr \/>\n<hr \/>\n<hr \/>\n<p style=\"text-align: center;\"><em><span style=\"color: #000000; font-size: 36pt;\"><strong><span style=\"font-family: verdana, geneva, sans-serif;\">BEITR\u00c4GE<\/span><br \/>\n<span style=\"font-family: verdana, geneva, sans-serif;\">F\u00dcR EIN LEBEN<\/span><br \/>\n<span style=\"font-family: verdana, geneva, sans-serif;\">IN BALANCE (3)<\/span><\/strong><\/span><\/em><\/p>\n<p style=\"text-align: center;\"><a href=\"https:\/\/weltwaldwiesen.de\/weichenstellen\/wp-content\/uploads\/2013\/09\/Balance4_klein.jpg\"><img loading=\"lazy\" class=\"alignnone size-medium wp-image-674\" src=\"https:\/\/weltwaldwiesen.de\/weichenstellen\/wp-content\/uploads\/2013\/09\/Balance4_klein-300x224.jpg\" alt=\"\" width=\"300\" height=\"224\" srcset=\"https:\/\/www.weltwaldwiesen.de\/weichenstellen\/wp-content\/uploads\/2013\/09\/Balance4_klein-300x224.jpg 300w, https:\/\/www.weltwaldwiesen.de\/weichenstellen\/wp-content\/uploads\/2013\/09\/Balance4_klein.jpg 350w\" sizes=\"(max-width: 300px) 100vw, 300px\" \/><\/a><\/p>\n<hr \/>\n<p style=\"text-align: center;\"><span style=\"font-size: 18pt;\"><a href=\"https:\/\/weltwaldwiesen.de\/weichenstellen\/themen\/\"><strong>AKTUELLE<\/strong>\u00a0\u00a0\u00a0 <strong>THEMEN<\/strong><\/a><\/span><\/p>\n<p><img loading=\"lazy\" class=\"alignnone size-medium wp-image-2040 aligncenter\" src=\"https:\/\/weltwaldwiesen.de\/weichenstellen\/wp-content\/uploads\/2014\/05\/Bark11-09-14_klein-300x224.jpg\" alt=\"Bark11-09 (14)_klein\" width=\"300\" height=\"224\" srcset=\"https:\/\/www.weltwaldwiesen.de\/weichenstellen\/wp-content\/uploads\/2014\/05\/Bark11-09-14_klein-300x224.jpg 300w, https:\/\/www.weltwaldwiesen.de\/weichenstellen\/wp-content\/uploads\/2014\/05\/Bark11-09-14_klein.jpg 350w\" sizes=\"(max-width: 300px) 100vw, 300px\" \/><\/p>\n<p style=\"text-align: center;\"><strong><span style=\"font-family: verdana,geneva,sans-serif; font-size: 14pt;\">Viele Themen &#8218;eingefangen&#8216; aus der Weite<\/span> &#8230;<br \/>\n<span style=\"font-family: verdana,geneva,sans-serif; font-size: 14pt;\">Impulse und Kommentierungen<\/span>.<br \/>\n<\/strong><\/p>\n<hr \/>\n<p style=\"text-align: center;\"><span style=\"font-family: verdana,geneva,sans-serif; font-size: 24pt;\"><a href=\"https:\/\/weltwaldwiesen.de\/weichenstellen\/sinn-statt-sucht\/\"><strong><span style=\"font-size: 18pt;\">SINN STATT SUCHT<\/span><\/strong><\/a><\/span><\/p>\n<p><strong><img loading=\"lazy\" class=\"alignnone wp-image-37 aligncenter\" src=\"https:\/\/weltwaldwiesen.de\/weichenstellen\/wp-content\/uploads\/2013\/09\/Tragen-300x201.jpg\" alt=\"Tragen\" width=\"330\" height=\"221\" srcset=\"https:\/\/www.weltwaldwiesen.de\/weichenstellen\/wp-content\/uploads\/2013\/09\/Tragen-300x201.jpg 300w, https:\/\/www.weltwaldwiesen.de\/weichenstellen\/wp-content\/uploads\/2013\/09\/Tragen.jpg 445w\" sizes=\"(max-width: 330px) 100vw, 330px\" \/><\/strong><\/p>\n<p style=\"text-align: center;\"><span style=\"font-family: verdana,geneva,sans-serif; font-size: 14pt;\"><strong>Selbstbestimmung statt Abh\u00e4ngigkeit<\/strong><\/span><\/p>\n<p style=\"text-align: center;\"><span style=\"color: #ff0000;\"><em><span style=\"color: #000000; font-family: verdana, geneva, sans-serif; font-size: 14pt;\">Auf Nachfrage <\/span><br \/>\n<span style=\"color: #000000;\"><span style=\"font-family: verdana, geneva, sans-serif; font-size: 14pt;\">kann die Durchf\u00fchrung von Seminaren\u00a0 jederzeit vereinbart werden.<\/span>\u00a0<\/span><br \/>\n<\/em><span style=\"font-family: verdana, geneva, sans-serif; font-size: 14pt;\"><strong><a href=\"https:\/\/weltwaldwiesen.de\/weichenstellen\/sinn-statt-sucht-seminare\/\"><span style=\"color: #000000;\">HIER<\/span><\/a><\/strong><\/span><\/span><strong><br \/>\n<\/strong><\/p>\n<hr \/>\n<p style=\"text-align: center;\"><span style=\"font-size: 18pt;\"><a href=\"https:\/\/weltwaldwiesen.de\/weichenstellen\/kirchenjahr\/\"><strong>HEILENDES KIRCHENJAHR<\/strong><\/a><\/span><\/p>\n<p style=\"text-align: center;\"><img loading=\"lazy\" class=\" size-medium wp-image-1726 aligncenter\" src=\"https:\/\/weltwaldwiesen.de\/weichenstellen\/wp-content\/uploads\/2014\/03\/ScherbenLicht-300x224.jpg\" alt=\"ScherbenLicht\" width=\"300\" height=\"224\" srcset=\"https:\/\/www.weltwaldwiesen.de\/weichenstellen\/wp-content\/uploads\/2014\/03\/ScherbenLicht-300x224.jpg 300w, https:\/\/www.weltwaldwiesen.de\/weichenstellen\/wp-content\/uploads\/2014\/03\/ScherbenLicht.jpg 547w\" sizes=\"(max-width: 300px) 100vw, 300px\" \/><span style=\"font-family: verdana,geneva,sans-serif; font-size: 14pt;\"><strong>Texte und Bilder zur Orientierung<br \/>\n<\/strong>Hier sind Texte und Auslegungen zu den Kirchenjahres-Zeiten nachzulesen.<\/span><\/p>\n<hr \/>\n<p style=\"text-align: center;\"><a href=\"https:\/\/weltwaldwiesen.de\/weichenstellen\/erinnerungshilfen\/\"><strong><span style=\"font-family: verdana,geneva,sans-serif; font-size: 18pt;\">ERINNERUNGSHILFEN<\/span><\/strong><\/a><\/p>\n<p><strong><img loading=\"lazy\" class=\"alignnone size-medium wp-image-417 aligncenter\" src=\"https:\/\/weltwaldwiesen.de\/weichenstellen\/wp-content\/uploads\/2013\/09\/Spiegelung-Moor-300x206.jpg\" alt=\"Spiegelung Moor\" width=\"300\" height=\"206\" srcset=\"https:\/\/www.weltwaldwiesen.de\/weichenstellen\/wp-content\/uploads\/2013\/09\/Spiegelung-Moor-300x206.jpg 300w, https:\/\/www.weltwaldwiesen.de\/weichenstellen\/wp-content\/uploads\/2013\/09\/Spiegelung-Moor.jpg 489w\" sizes=\"(max-width: 300px) 100vw, 300px\" \/><\/strong><\/p>\n<p style=\"text-align: center;\"><span style=\"font-size: 14pt;\">Gegen das Leben bedrohende Vergesslichkeit<br \/>\n<\/span><\/p>\n<hr \/>\n<p style=\"text-align: center;\"><span style=\"font-size: 18pt;\"><a href=\"https:\/\/weltwaldwiesen.de\/weichenstellen\/kompass-worte\/\"><strong><span style=\"font-family: verdana, geneva, sans-serif;\">KOMPASS-WORTE<\/span><\/strong><\/a><\/span><\/p>\n<p style=\"text-align: center;\"><a href=\"https:\/\/weltwaldwiesen.de\/weichenstellen\/wp-content\/uploads\/2019\/02\/Nov-14-Wischhafen-3.jpgklein.jpg\"><img loading=\"lazy\" class=\"aligncenter wp-image-8136 size-medium\" src=\"https:\/\/weltwaldwiesen.de\/weichenstellen\/wp-content\/uploads\/2019\/02\/Nov-14-Wischhafen-3.jpgklein-300x225.jpg\" alt=\"\" width=\"300\" height=\"225\" srcset=\"https:\/\/www.weltwaldwiesen.de\/weichenstellen\/wp-content\/uploads\/2019\/02\/Nov-14-Wischhafen-3.jpgklein-300x225.jpg 300w, https:\/\/www.weltwaldwiesen.de\/weichenstellen\/wp-content\/uploads\/2019\/02\/Nov-14-Wischhafen-3.jpgklein.jpg 450w\" sizes=\"(max-width: 300px) 100vw, 300px\" \/><\/a><\/p>\n<p style=\"text-align: center;\"><strong><span style=\"font-size: 14pt; font-family: verdana, geneva, sans-serif;\">(BE)HALTEN, WAS DU BRAUCHST<\/span><\/strong><strong><br \/>\n<\/strong><\/p>\n<hr \/>\n<p style=\"text-align: center;\"><span style=\"font-size: 18pt;\"><a href=\"https:\/\/weltwaldwiesen.de\/weichenstellen\/fiktiver-brief\/\"><strong><span style=\"font-family: verdana, geneva, sans-serif;\">FIKTIVE BRIEFE<\/span><\/strong><\/a><\/span><\/p>\n<p><img loading=\"lazy\" class=\"alignnone size-medium wp-image-848 aligncenter\" src=\"https:\/\/weltwaldwiesen.de\/weichenstellen\/wp-content\/uploads\/2013\/11\/der_fiktive_brief-300x198.png\" alt=\"der_fiktive_brief\" width=\"300\" height=\"198\" srcset=\"https:\/\/www.weltwaldwiesen.de\/weichenstellen\/wp-content\/uploads\/2013\/11\/der_fiktive_brief-300x198.png 300w, https:\/\/www.weltwaldwiesen.de\/weichenstellen\/wp-content\/uploads\/2013\/11\/der_fiktive_brief.png 435w\" sizes=\"(max-width: 300px) 100vw, 300px\" \/><\/p>\n<p style=\"text-align: center;\"><strong><span style=\"font-size: 14pt;\">LIEBE<\/span> <span style=\"color: #ff0000; font-size: 18pt;\">A<\/span><span style=\"font-size: 14pt;\">MELIE, LIEBER <\/span><span style=\"color: #ff0000; font-size: 18pt;\">Z<\/span><span style=\"font-size: 14pt;\">ACHARIAS<br \/>\n<\/span><\/strong><span style=\"font-family: verdana, geneva, sans-serif; font-size: 14pt;\">Gedanken und Impulse in Form fiktiver Briefe<\/span><strong><br \/>\n<\/strong><\/p>\n<hr \/>\n<p style=\"text-align: center;\"><span style=\"font-size: 36pt;\"><span style=\"font-family: verdana, geneva, sans-serif;\"><strong><span style=\"color: #000000;\"><em>&#8218;WEICHEN&#8216;<\/em><\/span><\/strong><\/span><br \/>\n<span style=\"font-family: verdana, geneva, sans-serif;\"><strong><span style=\"color: #000000;\"><em>ANDERS<\/em><\/span><\/strong><\/span><br \/>\n<strong><span style=\"font-family: verdana, geneva, sans-serif;\"><span style=\"color: #000000;\"><em>STELLEN<\/em><\/span><span style=\"color: #000000;\"><em>\u00a0\u00a0(4)<\/em><\/span><\/span><br \/>\n<\/strong><\/span><\/p>\n<hr \/>\n<p style=\"text-align: center;\"><span style=\"font-family: verdana,geneva,sans-serif; font-size: 18pt;\"><a href=\"https:\/\/weltwaldwiesen.de\/weichenstellen\/orte\/\"><strong>LEBENS-ORTE<\/strong><\/a><\/span><br \/>\n<span style=\"font-family: verdana,geneva; font-size: 14pt;\"><strong>Orte, an denen wir &#8217;sein&#8216; k\u00f6nnen<\/strong><\/span><\/p>\n<p style=\"text-align: center;\"><img loading=\"lazy\" class=\"alignnone size-medium wp-image-4636\" src=\"https:\/\/weltwaldwiesen.de\/weichenstellen\/wp-content\/uploads\/2013\/09\/DSC_0583_klein-300x199.jpg\" alt=\"DSC_0583_klein\" width=\"300\" height=\"199\" srcset=\"https:\/\/www.weltwaldwiesen.de\/weichenstellen\/wp-content\/uploads\/2013\/09\/DSC_0583_klein-300x199.jpg 300w, https:\/\/www.weltwaldwiesen.de\/weichenstellen\/wp-content\/uploads\/2013\/09\/DSC_0583_klein.jpg 800w\" sizes=\"(max-width: 300px) 100vw, 300px\" \/><\/p>\n<p style=\"text-align: center;\"><strong>&#8218;HEIMAT&#8216; <\/strong>ist neu im Gespr\u00e4ch.<br \/>\nHier gibt es grunds\u00e4tzliche Anmerkungen!<\/p>\n<hr \/>\n<p style=\"text-align: center;\"><a href=\"https:\/\/weltwaldwiesen.de\/weichenstellen\/bilder-sprache-2019\/\"><span style=\"font-size: 18pt;\"><span style=\"font-family: Verdana;\"><span style=\"font-family: verdana,geneva;\"><span style=\"font-family: verdana,geneva;\"><strong>BILDER-SPRACHE<\/strong><\/span><\/span><\/span><\/span><\/a><\/p>\n<p style=\"text-align: center;\"><span style=\"font-family: verdana,geneva,sans-serif; font-size: 12pt;\"><span style=\"font-size: 14pt;\">Dieses Angebot wird nicht mehr aktualisiert.<\/span><br \/>\n<span style=\"font-size: 14pt;\">Wer Bilder-Folgen der Jahre 2014\/ 2016 \/ 2017 \/ 2018 \/ 2019<br \/>\nansehen m\u00f6chte,<br \/>\nkann das\u00a0<strong> \u00fcber den obigen Link <\/strong>t<\/span><\/span><span style=\"font-family: verdana,geneva,sans-serif; font-size: 12pt;\"><span style=\"font-size: 14pt;\">un.<br \/>\n<\/span><\/span><span style=\"color: #ff0000; font-family: verdana,geneva,sans-serif; font-size: 14pt;\"><strong><a href=\"https:\/\/weltwaldwiesen.de\/weichenstellen\/wp-content\/uploads\/2020\/01\/JanAtemJPG.jpg\"><img loading=\"lazy\" class=\"alignnone size-medium wp-image-8705\" src=\"https:\/\/weltwaldwiesen.de\/weichenstellen\/wp-content\/uploads\/2020\/01\/JanAtemJPG-225x300.jpg\" alt=\"\" width=\"225\" height=\"300\" srcset=\"https:\/\/www.weltwaldwiesen.de\/weichenstellen\/wp-content\/uploads\/2020\/01\/JanAtemJPG-225x300.jpg 225w, https:\/\/www.weltwaldwiesen.de\/weichenstellen\/wp-content\/uploads\/2020\/01\/JanAtemJPG.jpg 410w\" sizes=\"(max-width: 225px) 100vw, 225px\" \/><\/a><br \/>\n<\/strong><\/span><\/p>\n<p style=\"text-align: center;\"><span style=\"color: #ff0000; font-family: verdana,geneva,sans-serif; font-size: 14pt;\"><span style=\"color: #000000;\">Langer Atem<\/span><strong><br \/>\n<\/strong><\/span><\/p>\n<hr \/>\n<p style=\"text-align: center;\"><span style=\"font-family: verdana,geneva,sans-serif; font-size: 18pt;\"><a href=\"https:\/\/weltwaldwiesen.de\/weichenstellen\/erinnerung\/\"><span style=\"color: #ff0000;\"><strong>SICH ERINNERN (LASSEN)<\/strong><\/span><\/a><\/span><\/p>\n<p style=\"text-align: center;\"><a href=\"https:\/\/weltwaldwiesen.de\/weichenstellen\/wp-content\/uploads\/2018\/11\/DurchflussSpiegelung.jpg\"><img loading=\"lazy\" class=\"alignnone size-medium wp-image-7870\" src=\"https:\/\/weltwaldwiesen.de\/weichenstellen\/wp-content\/uploads\/2018\/11\/DurchflussSpiegelung-300x207.jpg\" alt=\"\" width=\"300\" height=\"207\" srcset=\"https:\/\/www.weltwaldwiesen.de\/weichenstellen\/wp-content\/uploads\/2018\/11\/DurchflussSpiegelung-300x207.jpg 300w, https:\/\/www.weltwaldwiesen.de\/weichenstellen\/wp-content\/uploads\/2018\/11\/DurchflussSpiegelung.jpg 523w\" sizes=\"(max-width: 300px) 100vw, 300px\" \/><\/a><br \/>\n<strong><span style=\"font-family: verdana,geneva,sans-serif; font-size: 14pt;\">Gegen das Vergessen\u00a0&#8211;<br \/>\nVerantwortung f\u00fcr die Gegenwart<\/span><\/strong><\/p>\n<hr \/>\n<p style=\"text-align: center;\"><span style=\"font-size: 24pt;\"><strong><span style=\"font-family: verdana,geneva,sans-serif;\"><a href=\"https:\/\/weltwaldwiesen.de\/weichenstellen\/kampagnen\/\"><span style=\"font-size: 18pt;\">KAMPAGNEN<\/span><\/a><span style=\"font-size: 18pt;\">,<\/span><br \/>\n<span style=\"font-size: 18pt;\"><strong><span style=\"font-family: verdana,geneva,sans-serif;\">die dem <span style=\"color: #ff0000;\">Leben<\/span> dienen<\/span><\/strong><\/span><\/span><\/strong><\/span><\/p>\n<p style=\"text-align: center;\"><span style=\"font-size: 24pt;\"><strong><span style=\"font-family: verdana,geneva,sans-serif;\"><img loading=\"lazy\" class=\"alignnone size-medium wp-image-7004\" src=\"https:\/\/weltwaldwiesen.de\/weichenstellen\/wp-content\/uploads\/2017\/11\/P3204591_klein-225x300.jpg\" alt=\"P3204591_klein\" width=\"225\" height=\"300\" srcset=\"https:\/\/www.weltwaldwiesen.de\/weichenstellen\/wp-content\/uploads\/2017\/11\/P3204591_klein-225x300.jpg 225w, https:\/\/www.weltwaldwiesen.de\/weichenstellen\/wp-content\/uploads\/2017\/11\/P3204591_klein.jpg 349w\" sizes=\"(max-width: 225px) 100vw, 225px\" \/>\u00a0<\/span><\/strong><\/span><\/p>\n<p style=\"text-align: center;\"><span style=\"color: #ff0000;\">STICHWORTE<\/span><br \/>\nGemeinschaft mit Gefl\u00fcchteten <span style=\"color: #ff0000;\"><strong>\/<\/strong><\/span> Europa nicht aufs Spiel setzen <span style=\"color: #ff0000;\"><strong>\/<\/strong><\/span> Gegen Hetze und Gewalt <span style=\"color: #ff0000;\"><strong>\/<\/strong><\/span> Hunger <strong><span style=\"color: #ff0000;\">\/ <\/span><\/strong>Leben auf Pump <span style=\"color: #ff0000;\"><strong>\/<\/strong><\/span> Demokratie <span style=\"color: #ff0000;\"><strong>\/<\/strong><\/span> Angst am Ruder <span style=\"color: #ff0000;\"><strong>\/<\/strong> <\/span>Einseitiger Dialog mit Mr. Trump <span style=\"color: #ff0000;\"><strong>\/<\/strong><\/span> Befreiung von einem f\u00fcrchterlichen Status <span style=\"color: #ff0000;\"><strong>\/<\/strong><\/span> Klima-Krise <span style=\"color: #ff0000;\"><strong>\/<\/strong><\/span> (Ant)Arktis sch\u00fctzen <span style=\"color: #ff0000;\"><strong>\/ <\/strong><\/span>Terror &#8211; Wir wehren uns! <span style=\"color: #ff0000;\"><strong>\/<\/strong> <\/span>Retten statt Roden <span style=\"color: #ff0000;\"><strong>\/ <\/strong><span style=\"color: #000000;\">Rettungs-Schiff \/<\/span><\/span><\/p>\n<hr \/>\n<p style=\"text-align: center;\"><span style=\"font-family: verdana,geneva,sans-serif; font-size: 18pt;\"><a href=\"https:\/\/weltwaldwiesen.de\/weichenstellen\/inter-rel\/\"><strong><span style=\"font-family: verdana,geneva;\">KRAFTWERK RELIGION<\/span><\/strong><\/a><\/span><\/p>\n<p style=\"text-align: center;\"><strong><span style=\"font-family: verdana,geneva; font-size: 18pt;\"><img loading=\"lazy\" class=\"alignnone size-medium wp-image-970\" src=\"https:\/\/weltwaldwiesen.de\/weichenstellen\/wp-content\/uploads\/2013\/11\/P3251656.jpgklein-300x225.jpg\" alt=\"OLYMPUS DIGITAL CAMERA\" width=\"300\" height=\"225\" srcset=\"https:\/\/www.weltwaldwiesen.de\/weichenstellen\/wp-content\/uploads\/2013\/11\/P3251656.jpgklein-300x225.jpg 300w, https:\/\/www.weltwaldwiesen.de\/weichenstellen\/wp-content\/uploads\/2013\/11\/P3251656.jpgklein.jpg 400w\" sizes=\"(max-width: 300px) 100vw, 300px\" \/><br \/>\n<\/span><span style=\"font-family: verdana,geneva;\"><span style=\"font-size: 18pt;\"><span style=\"font-size: 14pt;\">Interreligi\u00f6ser Dialog<\/span><\/span><\/span><\/strong><\/p>\n<p style=\"text-align: center;\"><strong><span style=\"font-family: verdana,geneva;\">Wegweisender Beitrag<br \/>\n<\/span><\/strong><a href=\"https:\/\/weltwaldwiesen.de\/weichenstellen\/glutkern\/\"><span style=\"font-family: verdana,geneva;\"><span style=\"font-family: verdana,geneva,sans-serif; font-size: 14pt;\">Religionen sind der Glutkern oder das Herz der menschlichen Geschichte<\/span><\/span><\/a><br \/>\n<span style=\"font-family: verdana,geneva,sans-serif;\">(Mit einem Hinweis <\/span><span style=\"font-family: verdana,geneva,sans-serif;\">zur Verleihung des<br \/>\n&#8218;Friedenspreis des deutschen Buchhandels&#8216; 2018)<br \/>\n<\/span><span style=\"font-family: verdana,geneva; font-size: 18pt;\"><span style=\"color: #000000; font-family: verdana,geneva,sans-serif; font-size: 14pt;\"><strong>-.-.-.-.-.-.-.-.-.&#8211;.-.-.-.-.-.-.-.-.-.-.-.-.-.-.-.-.-.-.-.-.-.-.-<\/strong><br \/>\n<\/span><\/span><\/p>\n<div class=\"crayon article-texte-28816 texte surlignable\">\n<p style=\"text-align: center;\"><span style=\"font-size: 14pt; font-family: verdana, geneva, sans-serif; color: #ff0000;\"><strong>IMAM-KOLLEG<\/strong><\/span><br \/>\n<span style=\"font-size: 14pt; font-family: verdana, geneva, sans-serif;\">Seit November 2020 in Osnabr\u00fcck<\/span><\/p>\n<\/div>\n<p style=\"text-align: center;\"><span style=\"font-size: 14pt; font-family: verdana, geneva, sans-serif;\">Dazu Gedanken in einem Beitrag<\/span><br \/>\n<span style=\"font-size: 14pt; font-family: verdana, geneva, sans-serif;\"><em>&#8218;Gesegnete Zweisamkeit ist mehr als Duldung&#8216;<\/em><\/span><br \/>\n<span style=\"font-size: 14pt; font-family: verdana, geneva, sans-serif;\">(verfasst vor zehn Jahren).<\/span><br \/>\n<span style=\"font-family: verdana, geneva, sans-serif;\"><a href=\"https:\/\/weltwaldwiesen.de\/weichenstellen\/dritter-brief-aus-der-oase\/\"><strong><span style=\"font-size: 14pt;\">FIKTIVER BRIEF<\/span> <\/strong><\/a><\/span><\/p>\n<hr \/>\n<p style=\"text-align: center;\"><span style=\"font-size: 18pt;\"><a href=\"https:\/\/weltwaldwiesen.de\/weichenstellen\/ansichts-sache\/\"><strong><span style=\"font-family: verdana,geneva;\">ANSICHTS-SACHE<\/span><\/strong><\/a><\/span><\/p>\n<p style=\"text-align: center;\"><img loading=\"lazy\" class=\"alignnone size-medium wp-image-2954\" src=\"https:\/\/weltwaldwiesen.de\/weichenstellen\/wp-content\/uploads\/2014\/08\/Baum4-202x300.jpg\" alt=\"Baum4\" width=\"202\" height=\"300\" srcset=\"https:\/\/www.weltwaldwiesen.de\/weichenstellen\/wp-content\/uploads\/2014\/08\/Baum4-202x300.jpg 202w, https:\/\/www.weltwaldwiesen.de\/weichenstellen\/wp-content\/uploads\/2014\/08\/Baum4.jpg 370w\" sizes=\"(max-width: 202px) 100vw, 202px\" \/><\/p>\n<p style=\"text-align: center;\"><span style=\"font-family: Verdana;\"><strong>Hier finden Sie Fotos, die auf <span style=\"color: #ff0000;\">Ihre<\/span> &#8218;Deutung&#8216; warten!<\/strong> <\/span><\/p>\n<hr \/>\n<p style=\"text-align: center;\"><span style=\"font-size: 18pt;\"><a href=\"https:\/\/weltwaldwiesen.de\/weichenstellen\/auf-gelesen\/\"><strong><span style=\"font-family: verdana,geneva;\">AUF-GELESEN<\/span><\/strong><\/a><\/span><\/p>\n<p style=\"text-align: center;\"><strong><span style=\"font-family: verdana,geneva; font-size: 18pt;\"><img loading=\"lazy\" class=\"alignnone size-medium wp-image-6380\" src=\"https:\/\/weltwaldwiesen.de\/weichenstellen\/wp-content\/uploads\/2016\/12\/Spinnweben75-202x300.jpg\" alt=\"spinnweben75\" width=\"202\" height=\"300\" srcset=\"https:\/\/www.weltwaldwiesen.de\/weichenstellen\/wp-content\/uploads\/2016\/12\/Spinnweben75-202x300.jpg 202w, https:\/\/www.weltwaldwiesen.de\/weichenstellen\/wp-content\/uploads\/2016\/12\/Spinnweben75.jpg 356w\" sizes=\"(max-width: 202px) 100vw, 202px\" \/><br \/>\n<\/span><span style=\"font-family: verdana,geneva; font-size: 18pt;\"><span style=\"font-size: 14pt;\">Zugeflogen &#8230;<\/span><\/span><\/strong><\/p>\n<p style=\"text-align: center;\">Unter anderem:<br \/>\nEine Richtung weisende Ansicht zur multireligi\u00f6sen Gesellschaft<br \/>\nvom Schauspieler Edgar Selge<\/p>\n<hr \/>\n<p style=\"text-align: center;\"><span style=\"font-size: 18pt;\"><a href=\"https:\/\/weltwaldwiesen.de\/weichenstellen\/pilgerweg-des-vertrauens\/\"><span style=\"color: #ff0000;\"><span style=\"font-family: verdana,geneva;\"><span style=\"font-family: verdana,geneva;\"><span style=\"color: #000000;\"><strong>PILGERWEG DES VERTRAUENS<\/strong><\/span><\/span><\/span><\/span><\/a><\/span><\/p>\n<p><img loading=\"lazy\" class=\"aligncenter wp-image-2111 size-medium\" src=\"https:\/\/weltwaldwiesen.de\/weichenstellen\/wp-content\/uploads\/2014\/05\/Taize28-224x300.jpg\" alt=\"\" width=\"224\" height=\"300\" srcset=\"https:\/\/www.weltwaldwiesen.de\/weichenstellen\/wp-content\/uploads\/2014\/05\/Taize28-224x300.jpg 224w, https:\/\/www.weltwaldwiesen.de\/weichenstellen\/wp-content\/uploads\/2014\/05\/Taize28.jpg 347w\" sizes=\"(max-width: 224px) 100vw, 224px\" \/><\/p>\n<p style=\"text-align: center;\"><strong><span style=\"font-family: verdana,geneva,sans-serif; font-size: 14pt;\">Solidarit\u00e4t in Vielgestaltigkeit<\/span><\/strong><\/p>\n<hr \/>\n<p style=\"text-align: center;\"><a href=\"https:\/\/weltwaldwiesen.de\/weichenstellen\/friedens-gebet\/\"><span style=\"font-family: verdana,geneva; font-size: 14pt;\"><strong><span style=\"font-size: 18pt;\">\u00a0&#8218;FRIEDENS-GEBET&#8216; AM BRUNNEN<\/span><\/strong><\/span><\/a><\/p>\n<p style=\"text-align: center;\"><span style=\"font-family: verdana,geneva; font-size: 14pt;\"><strong> <img loading=\"lazy\" class=\"aligncenter wp-image-3341 size-medium\" src=\"https:\/\/weltwaldwiesen.de\/weichenstellen\/wp-content\/uploads\/2013\/09\/P8304366.jpgklein-225x300.jpg\" alt=\"OLYMPUS DIGITAL CAMERA\" width=\"225\" height=\"300\" srcset=\"https:\/\/www.weltwaldwiesen.de\/weichenstellen\/wp-content\/uploads\/2013\/09\/P8304366.jpgklein-225x300.jpg 225w, https:\/\/www.weltwaldwiesen.de\/weichenstellen\/wp-content\/uploads\/2013\/09\/P8304366.jpgklein.jpg 600w\" sizes=\"(max-width: 225px) 100vw, 225px\" \/> <\/strong><\/span><\/p>\n<p style=\"text-align: center;\"><span style=\"font-family: verdana,geneva,sans-serif; font-size: 14pt;\"><strong>Friedens-Spuren statt Kriegs-Spuren<\/strong><\/span><\/p>\n<hr \/>\n<p style=\"text-align: center;\"><span style=\"color: #ff0000;\"><strong><span style=\"font-family: verdana,geneva; font-size: 18pt;\"><span style=\"color: #000000;\">LINKS,<\/span> <span style=\"color: #000000;\">DIE DEN<\/span> &#8218;HIMMEL&#8216; <span style=\"color: #000000;\">\u00d6FFNEN K\u00d6NNEN<\/span><\/span><\/strong><\/span><\/p>\n<p style=\"text-align: center;\"><img loading=\"lazy\" class=\" size-medium wp-image-4393 aligncenter\" src=\"https:\/\/weltwaldwiesen.de\/weichenstellen\/wp-content\/uploads\/2013\/09\/HimmelaufErde-300x194.jpg\" alt=\"HimmelaufErde\" width=\"300\" height=\"194\" srcset=\"https:\/\/www.weltwaldwiesen.de\/weichenstellen\/wp-content\/uploads\/2013\/09\/HimmelaufErde-300x194.jpg 300w, https:\/\/www.weltwaldwiesen.de\/weichenstellen\/wp-content\/uploads\/2013\/09\/HimmelaufErde.jpg 542w\" sizes=\"(max-width: 300px) 100vw, 300px\" \/><\/p>\n<p style=\"text-align: center;\"><strong><span style=\"font-family: verdana,geneva; font-size: 18pt;\">LEBENSKARTEN<br \/>\n<\/span><\/strong><span style=\"font-size: 14pt;\"><span style=\"font-family: verdana,geneva;\">Karten die Mut zum Leben machen<\/span><br \/>\n<\/span><a href=\"http:\/\/www.lebenskarten.de\"><span style=\"font-family: verdana,geneva;\"><strong><span style=\"font-size: 14pt;\">www.lebenskarten.de<\/span><\/strong> <\/span><\/a><\/p>\n<p style=\"text-align: center;\"><span style=\"font-size: 14pt;\"><strong><span style=\"color: #ff0000;\">&#8230;&#8230;&#8230;&#8230;&#8230;&#8230;&#8230;&#8230;&#8230;&#8230;&#8230;&#8230;&#8230;&#8230;&#8230;&#8230;&#8230;&#8230;&#8230;&#8230;&#8230;&#8230;&#8230;&#8230;&#8230;&#8230;&#8230;&#8230;&#8230;&#8230;&#8230;&#8230;&#8230;&#8230;.<\/span><\/strong><\/span><\/p>\n<p style=\"text-align: center;\"><span style=\"font-family: verdana,geneva; font-size: 14pt;\"><span style=\"font-size: 18pt;\"><strong>DANACARDS<\/strong><\/span><br \/>\n<\/span><span style=\"font-family: verdana,geneva; font-size: 14pt;\">Sch\u00f6ne Postkarten f\u00fcr eine bessere Welt<br \/>\n<a href=\"http:\/\/www.danacards.de\"><strong>www.danacards.de<\/strong><\/a><\/span><br \/>\n<span style=\"color: #ff0000;\"><strong>&#8230;&#8230;&#8230;&#8230;&#8230;&#8230;&#8230;&#8230;&#8230;&#8230;&#8230;&#8230;&#8230;&#8230;&#8230;&#8230;&#8230;&#8230;&#8230;&#8230;&#8230;&#8230;&#8230;&#8230;&#8230;&#8230;&#8230;&#8230;&#8230;&#8230;&#8230;&#8230;&#8230;&#8230;&#8230;&#8230;&#8230;&#8230;&#8230;&#8230;<\/strong><\/span><\/p>\n<p style=\"text-align: center;\"><span style=\"font-size: 18pt;\"><strong><span style=\"font-family: verdana,geneva,sans-serif;\">GLAUBENSSACHEN<\/span><\/strong><\/span><br \/>\n<span style=\"font-family: verdana,geneva,sans-serif; font-size: 14pt;\">Eine Sendereihe des NDR-Kultur<\/span><\/p>\n<p style=\"text-align: center;\"><span style=\"font-family: verdana,geneva,sans-serif; font-size: 14pt;\"><a href=\"https:\/\/www.ndr.de\/ndrkultur\/sendungen\/glaubenssachen\/index.html\"><strong>https:\/\/www.ndr.de\/ndrkultur\/sendungen\/glaubenssachen\/index.html<\/strong><\/a><br \/>\n<\/span><span style=\"color: #ff0000;\"><strong>&#8230;&#8230;&#8230;&#8230;&#8230;&#8230;&#8230;&#8230;&#8230;&#8230;&#8230;&#8230;&#8230;&#8230;&#8230;&#8230;&#8230;&#8230;&#8230;&#8230;&#8230;&#8230;&#8230;&#8230;&#8230;&#8230;&#8230;&#8230;&#8230;&#8230;&#8230;&#8230;&#8230;&#8230;&#8230;&#8230;&#8230;&#8230;&#8230;&#8230;&#8230;&#8230;&#8230;&#8230;<\/strong><\/span><\/p>\n<p style=\"text-align: center;\"><span style=\"font-family: verdana,geneva;\"><strong><span style=\"font-size: 14pt;\"><span style=\"font-size: 18pt;\">GREENPEACE<\/span><br \/>\n<\/span><\/strong><span style=\"font-size: 14pt;\">Aufmerksamkeit f\u00fcr das Leben wecken<\/span><\/span><\/p>\n<p style=\"text-align: center;\"><span style=\"font-family: verdana,geneva;\"><a href=\"https:\/\/weltwaldwiesen.de\/weichenstellen\/wp-content\/uploads\/2021\/01\/DSC_0230-klein-Greenpeace.jpg\"><img loading=\"lazy\" class=\"alignnone size-medium wp-image-9634\" src=\"https:\/\/weltwaldwiesen.de\/weichenstellen\/wp-content\/uploads\/2021\/01\/DSC_0230-klein-Greenpeace-300x199.jpg\" alt=\"\" width=\"300\" height=\"199\" srcset=\"https:\/\/www.weltwaldwiesen.de\/weichenstellen\/wp-content\/uploads\/2021\/01\/DSC_0230-klein-Greenpeace-300x199.jpg 300w, https:\/\/www.weltwaldwiesen.de\/weichenstellen\/wp-content\/uploads\/2021\/01\/DSC_0230-klein-Greenpeace.jpg 450w\" sizes=\"(max-width: 300px) 100vw, 300px\" \/><\/a><span style=\"font-family: verdana,geneva,sans-serif; font-size: 8pt;\"><br \/>\nFoto:Titel GREENPEACE NACHRICHTEN 01-2021<\/span><\/span><span style=\"font-family: verdana,geneva;\"><span style=\"font-size: 8pt;\"><br \/>\n<\/span><br \/>\n<span style=\"font-family: verdana,geneva,sans-serif; font-size: 12pt;\"><strong><span style=\"color: #ff0000; font-size: 18pt;\">UNGENIESSBAR<\/span><br \/>\nWarum wir unsere W\u00e4lder zum Leben brauchen<br \/>\n<\/strong><\/span><span style=\"font-family: verdana,geneva,sans-serif; font-size: 12pt;\">und<\/span><br \/>\n<span style=\"font-family: verdana,geneva,sans-serif; font-size: 12pt;\"> andere &#8218;Aufmerksamkeiten&#8216; wie diese<br \/>\n<\/span><\/span><span style=\"font-family: verdana, geneva, sans-serif; font-size: 18pt;\"><strong><span style=\"color: #ff0000;\">Kein Essen in Trog und Tank<\/span><br \/>\n<\/strong><span style=\"font-size: 14pt;\">Mai 2022: Freiwillige der Greenpeace Gruppen stapeln<br \/>\n25-Kilo-Getreides\u00e4cke in 30 Innenst\u00e4dten.<br \/>\nSoviel Getreide flie\u00dft t\u00e4glich als Biosprit aus den Zapfs\u00e4ulen der Stadt.<\/span><\/span><br \/>\n<a href=\"http:\/\/www.greenpeace.de\"><span style=\"font-size: 14pt;\"><span style=\"font-family: verdana,geneva;\"><strong>www.greenpeace.de<\/strong><\/span><\/span><\/a><\/p>\n<p style=\"text-align: center;\"><span style=\"color: #ff0000; font-size: 14pt;\"><strong>&#8230;&#8230;&#8230;&#8230;&#8230;&#8230;&#8230;&#8230;&#8230;&#8230;&#8230;&#8230;&#8230;&#8230;&#8230;&#8230;&#8230;&#8230;&#8230;&#8230;&#8230;&#8230;&#8230;&#8230;&#8230;&#8230;&#8230;&#8230;&#8230;&#8230;&#8230;&#8230;&#8230;&#8230;&#8230;. <\/strong><\/span><\/p>\n<p style=\"text-align: center;\"><strong><span style=\"font-family: verdana,geneva; font-size: 18pt;\">KAMPAGNEN-NETZWERK<br \/>\n<\/span><\/strong><span style=\"font-family: verdana,geneva; font-size: 18pt;\"><span style=\"font-size: 14pt;\">Mit B\u00fcrgerstimmen politische Entscheidungen weltweit beeinflussen<\/span><\/span><span style=\"font-family: verdana,geneva; font-size: 18pt;\"><span style=\"font-size: 14pt;\"><br \/>\n<\/span><\/span><a href=\"http:\/\/www.avaaz.org\"><span style=\"font-size: 14pt;\"><strong><span style=\"font-family: Verdana;\">www.avaaz.org<\/span><\/strong><\/span><\/a><\/p>\n<p style=\"text-align: center;\"><span style=\"font-size: 14pt;\"><strong><span style=\"color: #ff0000;\">&#8230;&#8230;&#8230;&#8230;&#8230;&#8230;&#8230;&#8230;&#8230;&#8230;&#8230;&#8230;&#8230;&#8230;&#8230;&#8230;&#8230;&#8230;&#8230;<\/span><\/strong><\/span><\/p>\n<p style=\"text-align: center;\"><strong><span style=\"font-family: verdana,geneva; font-size: 18pt;\">AUFBRUCH INS VERTRAUEN<\/span><\/strong><strong><span style=\"font-family: verdana,geneva; font-size: 18pt;\"><a href=\"https:\/\/weltwaldwiesen.de\/weichenstellen\/wp-content\/uploads\/2013\/09\/Segel-Taize1.jpg\"><img loading=\"lazy\" class=\" size-medium wp-image-4464 aligncenter\" src=\"https:\/\/weltwaldwiesen.de\/weichenstellen\/wp-content\/uploads\/2013\/09\/Segel-Taize1-300x212.jpg\" alt=\"Segel Taize\" width=\"300\" height=\"212\" srcset=\"https:\/\/www.weltwaldwiesen.de\/weichenstellen\/wp-content\/uploads\/2013\/09\/Segel-Taize1-300x212.jpg 300w, https:\/\/www.weltwaldwiesen.de\/weichenstellen\/wp-content\/uploads\/2013\/09\/Segel-Taize1.jpg 375w\" sizes=\"(max-width: 300px) 100vw, 300px\" \/><\/a> <\/span><a href=\"http:\/\/www.taize.fr\"><span style=\"font-family: verdana,geneva; font-size: 14pt;\">Begegnung in Taiz\u00e9 (Frankreich)<\/span><\/a><\/strong><\/p>\n<p style=\"text-align: center;\">\u00a0\u00a0<span style=\"font-family: verdana,geneva; font-size: 12pt;\">\u00a0<span style=\"color: #ff0000;\"><strong>&#8230;&#8230;&#8230;&#8230;&#8230;&#8230;&#8230;&#8230;&#8230;&#8230;&#8230;&#8230;.<\/strong><\/span><\/span><\/p>\n<p style=\"text-align: center;\"><span style=\"font-size: 14pt;\"><strong><span style=\"font-family: verdana,geneva; background-color: #ffff00;\">\u00a0<\/span><\/strong><\/span><\/p>\n","protected":false},"excerpt":{"rendered":"<p>Ich bin die Auferstehung und das Leben. Wer an mich glaubt, wird leben, auch wenn er stirbt. Und jeder, der lebt, und an mich glaubt, wird in Ewigkeit nicht sterben. Johannes 11, 25-26 Wir trauern um Jan-Peter Wilckens geboren 22.02.1938 in Hamburg gestorben 24.05.2023 in Ostercappeln-Niewedde Ein gesegnetes, erf\u00fclltes Leben ist zu Ende gegangen. In\u2026 <span class=\"read-more\"><a href=\"https:\/\/www.weltwaldwiesen.de\/weichenstellen\/\">Weiterlesen &raquo;<\/a><\/span><\/p>\n","protected":false},"author":1,"featured_media":0,"parent":0,"menu_order":7,"comment_status":"closed","ping_status":"closed","template":"page-templates\/full-width.php","meta":{"spay_email":""},"jetpack_shortlink":"https:\/\/wp.me\/P3UvYh-L","jetpack_sharing_enabled":true,"_links":{"self":[{"href":"https:\/\/www.weltwaldwiesen.de\/weichenstellen\/wp-json\/wp\/v2\/pages\/47"}],"collection":[{"href":"https:\/\/www.weltwaldwiesen.de\/weichenstellen\/wp-json\/wp\/v2\/pages"}],"about":[{"href":"https:\/\/www.weltwaldwiesen.de\/weichenstellen\/wp-json\/wp\/v2\/types\/page"}],"author":[{"embeddable":true,"href":"https:\/\/www.weltwaldwiesen.de\/weichenstellen\/wp-json\/wp\/v2\/users\/1"}],"replies":[{"embeddable":true,"href":"https:\/\/www.weltwaldwiesen.de\/weichenstellen\/wp-json\/wp\/v2\/comments?post=47"}],"version-history":[{"count":50,"href":"https:\/\/www.weltwaldwiesen.de\/weichenstellen\/wp-json\/wp\/v2\/pages\/47\/revisions"}],"predecessor-version":[{"id":10912,"href":"https:\/\/www.weltwaldwiesen.de\/weichenstellen\/wp-json\/wp\/v2\/pages\/47\/revisions\/10912"}],"wp:attachment":[{"href":"https:\/\/www.weltwaldwiesen.de\/weichenstellen\/wp-json\/wp\/v2\/media?parent=47"}],"curies":[{"name":"wp","href":"https:\/\/api.w.org\/{rel}","templated":true}]}}